{"id":3269981,"date":"2026-04-30T08:18:08","date_gmt":"2026-04-30T08:18:08","guid":{"rendered":"https:\/\/www.gsv.dk\/?page_id=3269981"},"modified":"2026-04-30T08:18:09","modified_gmt":"2026-04-30T08:18:09","slug":"vaerkstedsassistent-til-greve-2","status":"publish","type":"page","link":"https:\/\/www.gsv.dk\/en\/vaerkstedsassistent-til-greve-2\/","title":{"rendered":"V\u00e6rkstedsassistent til Greve"},"content":{"rendered":"<div\n  class=\"block acf-block acf-block--hero\"\n   id=\"acf-hero-1\"  \n>\n        <div class=\"hero\">\n                                            <div class=\"hero__image\">\n    <div class=\"hero__image-overlay\" style=\"background-color: rgba(0, 0, 0, 0.33)\"><\/div>\n    \n            <picture>\n                <source srcset=\"https:\/\/gsv-imgix.imgix.net\/wordpress-prod\/Carsten.jpg?fit=clip&#038;fm=pjpg&#038;h=550&#038;ixlib=php-3.3.1&#038;w=1440&#038;wpsize=wide_desktop\" media=\"(min-width: 1200px)\"><source srcset=\"https:\/\/gsv-imgix.imgix.net\/wordpress-prod\/Carsten.jpg?fit=clip&#038;fm=pjpg&#038;h=550&#038;ixlib=php-3.3.1&#038;w=1200&#038;wpsize=wide_tablet_landscape\" media=\"(min-width: 900px)\"><source srcset=\"https:\/\/gsv-imgix.imgix.net\/wordpress-prod\/Carsten.jpg?fit=clip&#038;fm=pjpg&#038;h=400&#038;ixlib=php-3.3.1&#038;w=900&#038;wpsize=wide_tablet_portrait\" media=\"(min-width: 600px)\"><source srcset=\"https:\/\/gsv-imgix.imgix.net\/wordpress-prod\/Carsten.jpg?fit=clip&#038;fm=pjpg&#038;h=350&#038;ixlib=php-3.3.1&#038;w=600&#038;wpsize=wide_large_phone\" media=\"(min-width: 414px)\">\n                <img loading=\"lazy\" decoding=\"async\" src=\"https:\/\/gsv-imgix.imgix.net\/wordpress-prod\/Carsten.jpg?fit=clip&#038;fm=pjpg&#038;h=250&#038;ixlib=php-3.3.1&#038;w=414&#038;wpsize=wide_phone\" alt=\"\" title=\"Carsten\" width=\"414\" height=\"250\" \/>\n            <\/picture>\n<\/div>\n\n\n    <div class=\"hero__content\">\n                    <h1 class=\"hero__title\">\n                V\u00e6rkstedsassistent til Greve\n            <\/h1>\n        \n        \n            <\/div>\n                    <\/div>\n    \n    \n      <\/div>\n<div\n  class=\"block acf-block acf-block--text-block\"\n   id=\"acf-text-block-2\"  \n>\n        <div class=\"text-block\">\n    \n    <div class=\"inner inner--small\">\n        \n                    <h2 class=\"l-title\" data-reveal=\"reveal\">Bliv en del af GSV<\/h2>\n        \n                    <div class=\"text-block__body\" data-reveal=\"reveal\">\n                <p>Er du den medarbejder vi mangler i vores Service \u00d8st Team i Greve? Du bliver en del af et team som yder den bedste kundeservice.<\/p>\n<p><strong>Et selvst\u00e6ndigt og alsidigt job med fokus p\u00e5 professionel service og vejledning over telefonen<\/strong><\/p>\n<p>Du bliver en del af vores Service \u00d8st team, hvor vi bl.a. fokuserer p\u00e5 planl\u00e6gning af teamets udek\u00f8rende servicemont\u00f8rers opgaver samt at samarbejde med eksterne leverand\u00f8rer. Ens for os alle er, at vi interesserer os for mennesker og maskiner. Din opgave bliver bl.a.:<\/p>\n<ul>\n<li>Support til kunder over telefonen<\/li>\n<li>Fakturering af kundeskader<\/li>\n<li>Godkendelse af k\u00f8bsfakturaer<\/li>\n<li>Planl\u00e6gning af udek\u00f8rende servicemont\u00f8rers arbejdsopgaver<\/li>\n<\/ul>\n<p>Du vil indg\u00e5 i virksomhedens vagtplan for \u00e5bne- og lukkevagter. Arbejdstiderne er mandag \u2013 fredag mellem kl. 6.00-16.30.<\/p>\n<p><strong>M\u00e5 vi byde dig indenfor i vores team i Service \u00d8st<\/strong><\/p>\n<p>Vi s\u00f8ger efter en kollega, der har erfaring med kundekontakt, er serviceminded og kvalitetsbevidst og er hjemmevant i at levere en god kundeoplevelse til kunder og kollegaer. Du har teknisk interesse og forst\u00e5else. Godt overblik og god ordenssans. Samt godt hum\u00f8r.<\/p>\n<p>Derudover l\u00e6gger vi v\u00e6gt p\u00e5, at du er:<\/p>\n<ul>\n<li>Har en del kendskab til maskiner. Is\u00e6r kendskab til gravemaskiner og lifte.<\/li>\n<li>Rutineret IT bruger<\/li>\n<li>Positiv holdspiller, som s\u00e6tter godt hum\u00f8r og samarbejdet med kollegaer i h\u00f8js\u00e6det<\/li>\n<li>God til at holde mange bolde i luften.<\/li>\n<li>Selvst\u00e6ndig og struktureret<\/li>\n<li>Engageret og fleksibel<\/li>\n<li>Og at du har gyldigt k\u00f8rekort<\/li>\n<\/ul>\n<p><strong>Vi tilbyder:<\/strong><br \/>\nEn udviklende og varierende stilling, hvor hverdagen er fuld af sp\u00e6ndende udfordringer, som udfoldes i et godt socialt arbejdsmilj\u00f8 med h\u00f8jt til loftet. Vi s\u00f8rger for at du f\u00e5r en grundig opl\u00e6ring og introduktion til jobbet. Arbejdet foreg\u00e5r i et dynamisk milj\u00f8, hvor initiativ og selvst\u00e6ndighed underst\u00f8ttes af samarbejdsvilje og ansvarlighed. Du bliver en del af et team, hvor vi hj\u00e6lper hinanden og har fokus p\u00e5 godt samarbejde, b\u00e5de i eget team og i GSV.<\/p>\n<p>L\u00f8nnen er efter kvalifikationer og der er naturligvis pensionsordning tilknyttet. Desuden har vi en del personalegoder som bl.a. udvidet sundhedsforsikring, frugtordning og stor mulighed for personlig udvikling gennem interne og eksterne kurser.<\/p>\n<p><strong>Ordentlig opl\u00e6ring og plads til udvikling<\/strong><\/p>\n<p>Vi tager altid godt imod nye medarbejdere i GSV. Du bliver introduceret til hele teamet og f\u00e5r et onboarding forl\u00f8b, som du selv er med til at strukturere, s\u00e5 det passer til dig. Samtidig f\u00e5r du god opl\u00e6ring af dine rutinerede kolleger, som ogs\u00e5 st\u00e5r parat til at hj\u00e6lpe og sparre p\u00e5 de enkelte opgaver. Vi hj\u00e6lper hinanden og har fokus p\u00e5 godt samarbejde, b\u00e5de i eget team og i GSV.<\/p>\n\n            <\/div>\n            <\/div>\n<\/div>\n\n      <\/div>\n<div\n  class=\"block acf-block acf-block--text-block\"\n   id=\"acf-text-block-3\"  \n>\n        <div class=\"text-block text-block--light-grey has-background\">\n            <div class=\"bgw background--light-grey\" data-reveal=\"bgw\"><\/div>\n    \n    <div class=\"inner inner--small\">\n        \n                    <h2 class=\"l-title\" data-reveal=\"reveal\">Vi ser frem til at h\u00f8re fra dig!<\/h2>\n        \n                    <div class=\"text-block__body\" data-reveal=\"reveal\">\n                <p><strong>Interesseret?<\/strong><br \/>\nEr du parat til godt socialt samv\u00e6r og udviklingsmuligheder? S\u00e5 send os en ans\u00f8gning og CV via linket nedenfor.<\/p>\n<p>Har du sp\u00f8rgsm\u00e5l til stillingen, s\u00e5 kontakt Serviceleder Christian Thomsen 2041 0923 eller Direkt\u00f8r, V\u00e6rksted, Michael Christensen, mobil 6040 6504.<\/p>\n<p>Ans\u00f8g hurtigst muligt, da vi holder samtaler l\u00f8bende.<\/p>\n<p>Grundet persondataforordningen modtager vi ikke CV og ans\u00f8gning p\u00e5 mail.<\/p>\n\n            <\/div>\n            <\/div>\n<\/div>\n\n      <\/div>\n<div\n  class=\"block acf-block acf-block--button\"\n   id=\"acf-button-4\"  \n>\n      <div class=\"inner inner--small\">\n            <div data-reveal=\"reveal\">\n        <a\n                        class=\"btn btn--primary-green\"\n                        title=\"S\u00f8g Stillingen\"\n                        aria-label=\"S\u00f8g Stillingen\"\n                        href=\"https:\/\/mkjobgsv.azurewebsites.net\/da-dk\/Application.aspx?VID=0313\"\n                        rel=\"noreferrer\"\n                        target=\"_blank\">\n                        <span>S\u00f8g Stillingen<\/span>\n                        <\/a>\n    <\/div>\n\n          <\/div>\n  <\/div>\n<div\n  class=\"block acf-block acf-block--text-block\"\n   id=\"acf-text-block-5\"  \n>\n        <div class=\"text-block text-block--light-grey has-background\">\n            <div class=\"bgw background--light-grey\" data-reveal=\"bgw\"><\/div>\n    \n    <div class=\"inner inner--small\">\n        \n                    <h2 class=\"l-title\" data-reveal=\"reveal\">About GSV<\/h2>\n        \n                    <div class=\"text-block__body\" data-reveal=\"reveal\">\n                <p>GSV er Danmarks f\u00f8rende materieludlejer med materiel til alle bygge- og anl\u00e6gsopgaver. Uanset om det drejer sig om sm\u00e5t h\u00e5ndv\u00e6rkt\u00f8j til en mindre byggeopgave eller de helt store maskiner, der skal i brug, n\u00e5r Danmarks motorveje, broer og metroer anl\u00e6gges. Vi har afdelinger i hele landet og leverer lige til d\u00f8ren eller byggepladsen.<\/p>\n<p>GSV er en innovativ samarbejdspartner og vi vil gerne v\u00e6re med til at tage ansvar for Danmarks fremtid. Hos GSV s\u00f8ger vi henimod at blive mere b\u00e6redygtige, digitaliseret og vigtigst af alt, har vi altid fokus p\u00e5 mennesker.<\/p>\n<p>L\u00e6s mere om at arbejde hos os <a href=\"https:\/\/www.gsv.dk\/job-i-gsv-2\/gsv-som-arbejdsplads\/\">her<\/a>.<\/p>\n\n            <\/div>\n            <\/div>\n<\/div>\n\n      <\/div>","protected":false},"excerpt":{"rendered":"","protected":false},"author":4423,"featured_media":0,"parent":0,"menu_order":9,"comment_status":"closed","ping_status":"closed","template":"","meta":{"_acf_changed":false,"footnotes":""},"class_list":["post-3269981","page","type-page","status-publish","hentry"],"acf":[],"yoast_head":"<!-- This site is optimized with the Yoast SEO plugin v25.9 - https:\/\/yoast.com\/wordpress\/plugins\/seo\/ -->\n<title>V\u00e6rkstedsassistent til Greve | GSV<\/title>\n<meta name=\"robots\" content=\"index, follow, max-snippet:-1, max-image-preview:large, max-video-preview:-1\" \/>\n<link rel=\"canonical\" href=\"https:\/\/www.gsv.dk\/en\/vaerkstedsassistent-til-greve-2\/\" \/>\n<meta property=\"og:locale\" content=\"en_GB\" \/>\n<meta property=\"og:type\" content=\"article\" \/>\n<meta property=\"og:title\" content=\"V\u00e6rkstedsassistent til Greve | GSV\" \/>\n<meta property=\"og:url\" content=\"https:\/\/www.gsv.dk\/en\/vaerkstedsassistent-til-greve-2\/\" \/>\n<meta property=\"og:site_name\" content=\"GSV\" \/>\n<meta property=\"article:publisher\" content=\"https:\/\/www.facebook.com\/gsvmaterieludlejning\/\" \/>\n<meta property=\"article:modified_time\" content=\"2026-04-30T08:18:09+00:00\" \/>\n<meta property=\"og:image\" content=\"https:\/\/www.gsv.dk\/content\/uploads\/2020\/01\/logo-300x134.png\" \/>\n\t<meta property=\"og:image:width\" content=\"300\" \/>\n\t<meta property=\"og:image:height\" content=\"134\" \/>\n\t<meta property=\"og:image:type\" content=\"image\/png\" \/>\n<meta name=\"twitter:card\" content=\"summary_large_image\" \/>\n<meta name=\"twitter:site\" content=\"@GsvMateriel\" \/>\n<script type=\"application\/ld+json\" class=\"yoast-schema-graph\">{\"@context\":\"https:\/\/schema.org\",\"@graph\":[{\"@type\":\"WebPage\",\"@id\":\"https:\/\/www.gsv.dk\/vaerkstedsassistent-til-greve-2\/\",\"url\":\"https:\/\/www.gsv.dk\/vaerkstedsassistent-til-greve-2\/\",\"name\":\"V\u00e6rkstedsassistent til Greve | GSV\",\"isPartOf\":{\"@id\":\"https:\/\/www.gsv.dk\/#website\"},\"datePublished\":\"2026-04-30T08:18:08+00:00\",\"dateModified\":\"2026-04-30T08:18:09+00:00\",\"breadcrumb\":{\"@id\":\"https:\/\/www.gsv.dk\/vaerkstedsassistent-til-greve-2\/#breadcrumb\"},\"inLanguage\":\"en-GB\",\"potentialAction\":[{\"@type\":\"ReadAction\",\"target\":[\"https:\/\/www.gsv.dk\/vaerkstedsassistent-til-greve-2\/\"]}]},{\"@type\":\"BreadcrumbList\",\"@id\":\"https:\/\/www.gsv.dk\/vaerkstedsassistent-til-greve-2\/#breadcrumb\",\"itemListElement\":[{\"@type\":\"ListItem\",\"position\":1,\"name\":\"Home\",\"item\":\"https:\/\/www.gsv.dk\/\"},{\"@type\":\"ListItem\",\"position\":2,\"name\":\"V\u00e6rkstedsassistent til Greve\"}]},{\"@type\":\"WebSite\",\"@id\":\"https:\/\/www.gsv.dk\/#website\",\"url\":\"https:\/\/www.gsv.dk\/\",\"name\":\"GSV\",\"description\":\"GSV materieludlejning\",\"publisher\":{\"@id\":\"https:\/\/www.gsv.dk\/#organization\"},\"potentialAction\":[{\"@type\":\"SearchAction\",\"target\":{\"@type\":\"EntryPoint\",\"urlTemplate\":\"https:\/\/www.gsv.dk\/?s={search_term_string}\"},\"query-input\":{\"@type\":\"PropertyValueSpecification\",\"valueRequired\":true,\"valueName\":\"search_term_string\"}}],\"inLanguage\":\"en-GB\"},{\"@type\":\"Organization\",\"@id\":\"https:\/\/www.gsv.dk\/#organization\",\"name\":\"GSV Materieludlejning\",\"url\":\"https:\/\/www.gsv.dk\/\",\"logo\":{\"@type\":\"ImageObject\",\"inLanguage\":\"en-GB\",\"@id\":\"https:\/\/www.gsv.dk\/#\/schema\/logo\/image\/\",\"url\":\"https:\/\/www.gsv.dk\/content\/uploads\/2020\/01\/logo-300x134.png\",\"contentUrl\":\"https:\/\/www.gsv.dk\/content\/uploads\/2020\/01\/logo-300x134.png\",\"width\":300,\"height\":134,\"caption\":\"GSV Materieludlejning\"},\"image\":{\"@id\":\"https:\/\/www.gsv.dk\/#\/schema\/logo\/image\/\"},\"sameAs\":[\"https:\/\/www.facebook.com\/gsvmaterieludlejning\/\",\"https:\/\/x.com\/GsvMateriel\",\"https:\/\/www.instagram.com\/gsv_materieludlejning\/\",\"https:\/\/www.linkedin.com\/company\/gsv-materieludlejning-a-s\",\"https:\/\/www.youtube.com\/channel\/UCDWOSIoGkwn6bPG7-Kgxqkw\"]}]}<\/script>\n<!-- \/ Yoast SEO plugin. -->","yoast_head_json":{"title":"V\u00e6rkstedsassistent til Greve | GSV","robots":{"index":"index","follow":"follow","max-snippet":"max-snippet:-1","max-image-preview":"max-image-preview:large","max-video-preview":"max-video-preview:-1"},"canonical":"https:\/\/www.gsv.dk\/en\/vaerkstedsassistent-til-greve-2\/","og_locale":"en_GB","og_type":"article","og_title":"V\u00e6rkstedsassistent til Greve | GSV","og_url":"https:\/\/www.gsv.dk\/en\/vaerkstedsassistent-til-greve-2\/","og_site_name":"GSV","article_publisher":"https:\/\/www.facebook.com\/gsvmaterieludlejning\/","article_modified_time":"2026-04-30T08:18:09+00:00","og_image":[{"width":300,"height":134,"url":"https:\/\/www.gsv.dk\/content\/uploads\/2020\/01\/logo-300x134.png","type":"image\/png"}],"twitter_card":"summary_large_image","twitter_site":"@GsvMateriel","schema":{"@context":"https:\/\/schema.org","@graph":[{"@type":"WebPage","@id":"https:\/\/www.gsv.dk\/vaerkstedsassistent-til-greve-2\/","url":"https:\/\/www.gsv.dk\/vaerkstedsassistent-til-greve-2\/","name":"V\u00e6rkstedsassistent til Greve | GSV","isPartOf":{"@id":"https:\/\/www.gsv.dk\/#website"},"datePublished":"2026-04-30T08:18:08+00:00","dateModified":"2026-04-30T08:18:09+00:00","breadcrumb":{"@id":"https:\/\/www.gsv.dk\/vaerkstedsassistent-til-greve-2\/#breadcrumb"},"inLanguage":"en-GB","potentialAction":[{"@type":"ReadAction","target":["https:\/\/www.gsv.dk\/vaerkstedsassistent-til-greve-2\/"]}]},{"@type":"BreadcrumbList","@id":"https:\/\/www.gsv.dk\/vaerkstedsassistent-til-greve-2\/#breadcrumb","itemListElement":[{"@type":"ListItem","position":1,"name":"Home","item":"https:\/\/www.gsv.dk\/"},{"@type":"ListItem","position":2,"name":"V\u00e6rkstedsassistent til Greve"}]},{"@type":"WebSite","@id":"https:\/\/www.gsv.dk\/#website","url":"https:\/\/www.gsv.dk\/","name":"GSV","description":"GSV materieludlejning","publisher":{"@id":"https:\/\/www.gsv.dk\/#organization"},"potentialAction":[{"@type":"SearchAction","target":{"@type":"EntryPoint","urlTemplate":"https:\/\/www.gsv.dk\/?s={search_term_string}"},"query-input":{"@type":"PropertyValueSpecification","valueRequired":true,"valueName":"search_term_string"}}],"inLanguage":"en-GB"},{"@type":"Organization","@id":"https:\/\/www.gsv.dk\/#organization","name":"GSV Materieludlejning","url":"https:\/\/www.gsv.dk\/","logo":{"@type":"ImageObject","inLanguage":"en-GB","@id":"https:\/\/www.gsv.dk\/#\/schema\/logo\/image\/","url":"https:\/\/www.gsv.dk\/content\/uploads\/2020\/01\/logo-300x134.png","contentUrl":"https:\/\/www.gsv.dk\/content\/uploads\/2020\/01\/logo-300x134.png","width":300,"height":134,"caption":"GSV Materieludlejning"},"image":{"@id":"https:\/\/www.gsv.dk\/#\/schema\/logo\/image\/"},"sameAs":["https:\/\/www.facebook.com\/gsvmaterieludlejning\/","https:\/\/x.com\/GsvMateriel","https:\/\/www.instagram.com\/gsv_materieludlejning\/","https:\/\/www.linkedin.com\/company\/gsv-materieludlejning-a-s","https:\/\/www.youtube.com\/channel\/UCDWOSIoGkwn6bPG7-Kgxqkw"]}]}},"_links":{"self":[{"href":"https:\/\/www.gsv.dk\/en\/wp-json\/wp\/v2\/pages\/3269981","targetHints":{"allow":["GET"]}}],"collection":[{"href":"https:\/\/www.gsv.dk\/en\/wp-json\/wp\/v2\/pages"}],"about":[{"href":"https:\/\/www.gsv.dk\/en\/wp-json\/wp\/v2\/types\/page"}],"author":[{"embeddable":true,"href":"https:\/\/www.gsv.dk\/en\/wp-json\/wp\/v2\/users\/4423"}],"replies":[{"embeddable":true,"href":"https:\/\/www.gsv.dk\/en\/wp-json\/wp\/v2\/comments?post=3269981"}],"version-history":[{"count":1,"href":"https:\/\/www.gsv.dk\/en\/wp-json\/wp\/v2\/pages\/3269981\/revisions"}],"predecessor-version":[{"id":3269982,"href":"https:\/\/www.gsv.dk\/en\/wp-json\/wp\/v2\/pages\/3269981\/revisions\/3269982"}],"wp:attachment":[{"href":"https:\/\/www.gsv.dk\/en\/wp-json\/wp\/v2\/media?parent=3269981"}],"curies":[{"name":"wp","href":"https:\/\/api.w.org\/{rel}","templated":true}]}}