{"id":214947,"date":"2019-12-27T10:33:04","date_gmt":"2019-12-27T10:33:04","guid":{"rendered":"https:\/\/www.gsv.dk\/om-gsv\/gsv-historie\/"},"modified":"2020-05-22T07:18:38","modified_gmt":"2020-05-22T07:18:38","slug":"gsv-historie","status":"publish","type":"page","link":"https:\/\/www.gsv.dk\/en\/om-gsv\/gsv-historie\/","title":{"rendered":"GSV history"},"content":{"rendered":"<div\n  class=\"block acf-block acf-block--hero\"\n   id=\"acf-hero-1\"  \n>\n        <div class=\"hero\">\n                                            <div class=\"hero__image\">\n    <div class=\"hero__image-overlay\" style=\"background-color: rgba(0, 0, 0, 0.0)\"><\/div>\n    \n            <picture>\n                <source srcset=\"https:\/\/www.gsv.dk\/content\/uploads\/2019\/12\/GSV-historie1440x550-2.png\" media=\"(min-width: 1200px)\"><source srcset=\"https:\/\/www.gsv.dk\/content\/uploads\/2019\/12\/GSV-historie1440x550-2-1200x550.png\" media=\"(min-width: 900px)\"><source srcset=\"https:\/\/www.gsv.dk\/content\/uploads\/2019\/12\/GSV-historie1440x550-2-900x400.png\" media=\"(min-width: 600px)\"><source srcset=\"https:\/\/www.gsv.dk\/content\/uploads\/2019\/12\/GSV-historie1440x550-2-600x350.png\" media=\"(min-width: 414px)\">\n                <img loading=\"lazy\" decoding=\"async\" src=\"https:\/\/www.gsv.dk\/content\/uploads\/2019\/12\/GSV-historie1440x550-2-414x250.png\" alt=\"\" title=\"GSV-historie1440x550-2\" width=\"414\" height=\"250\">\n            <\/picture>\n<\/div>\n\n\n                    <\/div>\n    \n    \n      <\/div>\n<div\n  class=\"block acf-block acf-block--content-block\"\n   id=\"acf-content-block-2\"  \n>\n        <div class=\"content-block\">\n    \n    <div class=\"inner inner--medium\">\n        <div class=\"content-block__image image-fade\">\n            <div class=\"image-fade__container\"><\/div>\n            \n            <picture>\n                <source srcset=\"https:\/\/www.gsv.dk\/content\/uploads\/2019\/12\/Odense-1912.png\" media=\"(min-width: 900px)\"><source srcset=\"https:\/\/www.gsv.dk\/content\/uploads\/2019\/12\/Odense-1912.png\" media=\"(min-width: 600px)\"><source srcset=\"https:\/\/www.gsv.dk\/content\/uploads\/2019\/12\/Odense-1912-500x350.png\" media=\"(min-width: 414px)\">\n                <img loading=\"lazy\" decoding=\"async\" src=\"https:\/\/www.gsv.dk\/content\/uploads\/2019\/12\/Odense-1912-414x250.png\" alt=\"\" title=\"Odense-1912\" width=\"414\" height=\"250\">\n            <\/picture>\n        <\/div>\n\n        <div class=\"content-block__content\" data-reveal=\"reveal\">\n            \n                            <h2 class=\"content-block__title\">GSV through 100 years<\/h2>\n            \n                            <div class=\"content-block__body\">\n                    <p><span style=\"font-weight: 400;\">In 2014, GSV celebrates their 50 year anniversary. On December 30, 1964, Grunnet, Svendsen and Vask\u00e6r founded G.S.V. Materieludlejning A\/S on Baldersvej in Ish\u00f8j.\u00a0<\/span><\/p>\n<p><span style=\"font-weight: 400;\">Even though the name GSV came to be on the second-to-last day of 1964, the history of the company goes even further back.\u00a0<\/span><\/p>\n<p><span style=\"font-weight: 400;\">In 1912, the contractor business Carl Nielsen Fruens B\u00f8ge was founded, and that is the oldest of the companies that GSV is made up of today. As one of the oldest equipment rental businesses in Denmark, GSV has more than 100 years\u2019 worth of experience.<\/span><\/p>\n\n                <\/div>\n            \n                    <\/div>\n    <\/div>\n<\/div>\n\n      <\/div>\n<div\n  class=\"block acf-block acf-block--content-block\"\n   id=\"acf-content-block-3\"  \n>\n        <div class=\"content-block is-reversed\">\n    \n    <div class=\"inner inner--medium\">\n        <div class=\"content-block__image image-fade\">\n            <div class=\"image-fade__container\"><\/div>\n            \n            <picture>\n                <source srcset=\"https:\/\/www.gsv.dk\/content\/uploads\/2019\/12\/GSV-Dan-Vorsholt.png\" media=\"(min-width: 900px)\"><source srcset=\"https:\/\/www.gsv.dk\/content\/uploads\/2019\/12\/GSV-Dan-Vorsholt.png\" media=\"(min-width: 600px)\"><source srcset=\"https:\/\/www.gsv.dk\/content\/uploads\/2019\/12\/GSV-Dan-Vorsholt-500x350.png\" media=\"(min-width: 414px)\">\n                <img loading=\"lazy\" decoding=\"async\" src=\"https:\/\/www.gsv.dk\/content\/uploads\/2019\/12\/GSV-Dan-Vorsholt-414x250.png\" alt=\"\" title=\"GSV &#8211; Dan-Vorsholt\" width=\"414\" height=\"250\">\n            <\/picture>\n        <\/div>\n\n        <div class=\"content-block__content\" data-reveal=\"reveal\">\n            \n                            <h2 class=\"content-block__title\">New CEO in 2008<\/h2>\n            \n                            <div class=\"content-block__body\">\n                    <p><span style=\"font-weight: 400;\">On August 1, 2008, Dan O. Vorsholt was appointed as the CEO. Back in 1996, Dan started out as a vehicle prepper in our Odense branch, and he has held multiple positions in GSV throughout his time with the company, before he came to be the CEO. <\/span><\/p>\n\n                <\/div>\n            \n                    <\/div>\n    <\/div>\n<\/div>\n\n      <\/div>\n<div\n  class=\"block acf-block acf-block--text-block\"\n   id=\"acf-text-block-4\"  \n>\n        <div class=\"text-block\">\n    \n    <div class=\"inner inner--small\">\n        \n        \n                    <div class=\"text-block__body\" data-reveal=\"reveal\">\n                <p><span style=\"font-weight: 400;\">Today, GSV is still characterized by the many values that the company was built on, like being kind, goal oriented, innovative and dynamic. More than that, unity and appreciation of good employees are values that are a big part of GSV today, as well as it was in the beginning.<\/span><\/p>\n<p><span style=\"font-weight: 400;\">GSV is made up of many different companies, and here is an overview of the development in recent times: <\/span><\/p>\n\n            <\/div>\n            <\/div>\n<\/div>\n\n      <\/div>\n<div\n  class=\"block acf-block acf-block--text-block has-background\"\n   id=\"acf-text-block-5\"  \n>\n        <div class=\"text-block text-block--light-grey has-background\">\n            <div class=\"bgw background--light-grey\" data-reveal=\"bgw\"><\/div>\n    \n    <div class=\"inner inner--small\">\n        \n                    <h2 class=\"l-title\" data-reveal=\"reveal\">December 30, 1964<\/h2>\n        \n                    <div class=\"text-block__body\" data-reveal=\"reveal\">\n                <p><span style=\"font-weight: 400;\">On December 30, 1964, G.S.V. Materieludlejning was founded by Grunnet, Svendsen and Vask\u00e6r, and has since undertaken the rental of all sorts of equipment and machinery. <\/span><\/p>\n\n            <\/div>\n            <\/div>\n<\/div>\n\n      <\/div>\n<div\n  class=\"block acf-block acf-block--text-block\"\n   id=\"acf-text-block-6\"  \n>\n        <div class=\"text-block\">\n    \n    <div class=\"inner inner--small\">\n        \n                    <h2 class=\"l-title\" data-reveal=\"reveal\">December 1, 1977<\/h2>\n        \n                    <div class=\"text-block__body\" data-reveal=\"reveal\">\n                <p><span style=\"font-weight: 400;\">On December 1,<\/span> <span style=\"font-weight: 400;\">1977, G.S.V. Materieludlejning A\/S enters into a group relationship with C.N. Maskiner A\/S. The companies are fusioned on June 1, 2007 after many years of close collaboration, and they continue under the name of G.S.V. Materieludlejning.<\/span><\/p>\n\n            <\/div>\n            <\/div>\n<\/div>\n\n      <\/div>\n<div\n  class=\"block acf-block acf-block--text-block has-background\"\n   id=\"acf-text-block-7\"  \n>\n        <div class=\"text-block text-block--light-grey has-background\">\n            <div class=\"bgw background--light-grey\" data-reveal=\"bgw\"><\/div>\n    \n    <div class=\"inner inner--small\">\n        \n                    <h2 class=\"l-title\" data-reveal=\"reveal\">April 2015<\/h2>\n        \n                    <div class=\"text-block__body\" data-reveal=\"reveal\">\n                <p><span style=\"font-weight: 400;\">In April 2015, GSV and Pitzner are acquired by the private equity fund CataCap, Henrik Christensen and Dan O. Vorsholt with a fusion on January 1, 2016. Pitzner is already a fusion of the rental companies AGJ, Corona and VMC with a history that goes all the way back to 1945.<\/span><\/p>\n<p><span style=\"font-weight: 400;\">The united company continues under the name of G.S.V. Materieludlejning and becomes the biggest equipment rental business in Denmark. <\/span><\/p>\n\n            <\/div>\n            <\/div>\n<\/div>\n\n      <\/div>\n<div\n  class=\"block acf-block acf-block--text-block\"\n   id=\"acf-text-block-8\"  \n>\n        <div class=\"text-block\">\n    \n    <div class=\"inner inner--small\">\n        \n                    <h2 class=\"l-title\" data-reveal=\"reveal\">January 2016<\/h2>\n        \n                    <div class=\"text-block__body\" data-reveal=\"reveal\">\n                <p><span style=\"font-weight: 400;\">In January 2016, GSV acquires both Bramsn\u00e6s Entrepren\u00f8rmaskiner, who is a leading heavy machinery rental business, and also Bilsby, who is a leading supplier of modules and pavilions. <\/span><\/p>\n\n            <\/div>\n            <\/div>\n<\/div>\n\n      <\/div>\n<div\n  class=\"block acf-block acf-block--text-block has-background\"\n   id=\"acf-text-block-9\"  \n>\n        <div class=\"text-block text-block--light-grey has-background\">\n            <div class=\"bgw background--light-grey\" data-reveal=\"bgw\"><\/div>\n    \n    <div class=\"inner inner--small\">\n        \n                    <h2 class=\"l-title\" data-reveal=\"reveal\">Primo 2019<\/h2>\n        \n                    <div class=\"text-block__body\" data-reveal=\"reveal\">\n                <p><span style=\"font-weight: 400;\">In 2019, GSV acquires the Finnish listed company Ramirent Plc.\u2019s Danish branch. <\/span><\/p>\n\n            <\/div>\n            <\/div>\n<\/div>\n\n      <\/div>\n<div\n  class=\"block acf-block acf-block--text-block\"\n   id=\"acf-text-block-10\"  \n>\n        <div class=\"text-block\">\n    \n    <div class=\"inner inner--small\">\n        \n                    <h2 class=\"l-title\" data-reveal=\"reveal\">Ultimo 2019<\/h2>\n        \n                    <div class=\"text-block__body\" data-reveal=\"reveal\">\n                <p><span style=\"font-weight: 400;\">In 2019, GSV sharpen the focus and sell the scaffolding and pavilion business to Solr\u00f8d Stilladser and Temporary Space Nordics.\u00a0<\/span><\/p>\n<p><span style=\"font-weight: 400;\">In the future, the main focus will be on the core business \u2013 rental of equipment to the construction business<\/span><\/p>\n\n            <\/div>\n            <\/div>\n<\/div>\n\n      <\/div>","protected":false},"excerpt":{"rendered":"","protected":false},"author":3,"featured_media":0,"parent":214940,"menu_order":9,"comment_status":"closed","ping_status":"closed","template":"","meta":{"_acf_changed":false,"footnotes":""},"class_list":["post-214947","page","type-page","status-publish","hentry"],"acf":[],"yoast_head":"<!-- This site is optimized with the Yoast SEO plugin v25.9 - https:\/\/yoast.com\/wordpress\/plugins\/seo\/ -->\n<title>GSV historie - Danmarks st\u00f8rste materieludlejer<\/title>\n<meta name=\"description\" content=\"GSV har mere end 100 \u00e5rs historie - som GSV (Grunnet, Svendsen og Vask\u00e6r) kan vi fejre 55 \u00e5rs f\u00f8dselsdag og fra 2014 som Danmarks st\u00f8rste materieludlejer\" \/>\n<meta name=\"robots\" content=\"index, follow, max-snippet:-1, max-image-preview:large, max-video-preview:-1\" \/>\n<link rel=\"canonical\" href=\"https:\/\/www.gsv.dk\/en\/om-gsv\/gsv-historie\/\" \/>\n<meta property=\"og:locale\" content=\"en_GB\" \/>\n<meta property=\"og:type\" content=\"article\" \/>\n<meta property=\"og:title\" content=\"GSV historie - Danmarks st\u00f8rste materieludlejer\" \/>\n<meta property=\"og:description\" content=\"GSV har mere end 100 \u00e5rs historie - som GSV (Grunnet, Svendsen og Vask\u00e6r) kan vi fejre 55 \u00e5rs f\u00f8dselsdag og fra 2014 som Danmarks st\u00f8rste materieludlejer\" \/>\n<meta property=\"og:url\" content=\"https:\/\/www.gsv.dk\/en\/om-gsv\/gsv-historie\/\" \/>\n<meta property=\"og:site_name\" content=\"GSV\" \/>\n<meta property=\"article:publisher\" content=\"https:\/\/www.facebook.com\/gsvmaterieludlejning\/\" \/>\n<meta property=\"article:modified_time\" content=\"2020-05-22T07:18:38+00:00\" \/>\n<meta property=\"og:image\" content=\"https:\/\/www.gsv.dk\/content\/uploads\/2020\/01\/logo-300x134.png\" \/>\n\t<meta property=\"og:image:width\" content=\"300\" \/>\n\t<meta property=\"og:image:height\" content=\"134\" \/>\n\t<meta property=\"og:image:type\" content=\"image\/png\" \/>\n<meta name=\"twitter:card\" content=\"summary_large_image\" \/>\n<meta name=\"twitter:site\" content=\"@GsvMateriel\" \/>\n<script type=\"application\/ld+json\" class=\"yoast-schema-graph\">{\"@context\":\"https:\/\/schema.org\",\"@graph\":[{\"@type\":\"WebPage\",\"@id\":\"https:\/\/www.gsv.dk\/om-gsv\/gsv-historie\/\",\"url\":\"https:\/\/www.gsv.dk\/om-gsv\/gsv-historie\/\",\"name\":\"GSV historie - Danmarks st\u00f8rste materieludlejer\",\"isPartOf\":{\"@id\":\"https:\/\/www.gsv.dk\/#website\"},\"datePublished\":\"2019-12-27T10:33:04+00:00\",\"dateModified\":\"2020-05-22T07:18:38+00:00\",\"description\":\"GSV har mere end 100 \u00e5rs historie - som GSV (Grunnet, Svendsen og Vask\u00e6r) kan vi fejre 55 \u00e5rs f\u00f8dselsdag og fra 2014 som Danmarks st\u00f8rste materieludlejer\",\"breadcrumb\":{\"@id\":\"https:\/\/www.gsv.dk\/om-gsv\/gsv-historie\/#breadcrumb\"},\"inLanguage\":\"en-GB\",\"potentialAction\":[{\"@type\":\"ReadAction\",\"target\":[\"https:\/\/www.gsv.dk\/om-gsv\/gsv-historie\/\"]}]},{\"@type\":\"BreadcrumbList\",\"@id\":\"https:\/\/www.gsv.dk\/om-gsv\/gsv-historie\/#breadcrumb\",\"itemListElement\":[{\"@type\":\"ListItem\",\"position\":1,\"name\":\"Home\",\"item\":\"https:\/\/www.gsv.dk\/\"},{\"@type\":\"ListItem\",\"position\":2,\"name\":\"About GSV\",\"item\":\"https:\/\/www.gsv.dk\/om-gsv\/\"},{\"@type\":\"ListItem\",\"position\":3,\"name\":\"GSV history\"}]},{\"@type\":\"WebSite\",\"@id\":\"https:\/\/www.gsv.dk\/#website\",\"url\":\"https:\/\/www.gsv.dk\/\",\"name\":\"GSV\",\"description\":\"GSV materieludlejning\",\"publisher\":{\"@id\":\"https:\/\/www.gsv.dk\/#organization\"},\"potentialAction\":[{\"@type\":\"SearchAction\",\"target\":{\"@type\":\"EntryPoint\",\"urlTemplate\":\"https:\/\/www.gsv.dk\/?s={search_term_string}\"},\"query-input\":{\"@type\":\"PropertyValueSpecification\",\"valueRequired\":true,\"valueName\":\"search_term_string\"}}],\"inLanguage\":\"en-GB\"},{\"@type\":\"Organization\",\"@id\":\"https:\/\/www.gsv.dk\/#organization\",\"name\":\"GSV Materieludlejning\",\"url\":\"https:\/\/www.gsv.dk\/\",\"logo\":{\"@type\":\"ImageObject\",\"inLanguage\":\"en-GB\",\"@id\":\"https:\/\/www.gsv.dk\/#\/schema\/logo\/image\/\",\"url\":\"https:\/\/www.gsv.dk\/content\/uploads\/2020\/01\/logo-300x134.png\",\"contentUrl\":\"https:\/\/www.gsv.dk\/content\/uploads\/2020\/01\/logo-300x134.png\",\"width\":300,\"height\":134,\"caption\":\"GSV Materieludlejning\"},\"image\":{\"@id\":\"https:\/\/www.gsv.dk\/#\/schema\/logo\/image\/\"},\"sameAs\":[\"https:\/\/www.facebook.com\/gsvmaterieludlejning\/\",\"https:\/\/x.com\/GsvMateriel\",\"https:\/\/www.instagram.com\/gsv_materieludlejning\/\",\"https:\/\/www.linkedin.com\/company\/gsv-materieludlejning-a-s\",\"https:\/\/www.youtube.com\/channel\/UCDWOSIoGkwn6bPG7-Kgxqkw\"]}]}<\/script>\n<!-- \/ Yoast SEO plugin. -->","yoast_head_json":{"title":"GSV historie - Danmarks st\u00f8rste materieludlejer","description":"GSV har mere end 100 \u00e5rs historie - som GSV (Grunnet, Svendsen og Vask\u00e6r) kan vi fejre 55 \u00e5rs f\u00f8dselsdag og fra 2014 som Danmarks st\u00f8rste materieludlejer","robots":{"index":"index","follow":"follow","max-snippet":"max-snippet:-1","max-image-preview":"max-image-preview:large","max-video-preview":"max-video-preview:-1"},"canonical":"https:\/\/www.gsv.dk\/en\/om-gsv\/gsv-historie\/","og_locale":"en_GB","og_type":"article","og_title":"GSV historie - Danmarks st\u00f8rste materieludlejer","og_description":"GSV har mere end 100 \u00e5rs historie - som GSV (Grunnet, Svendsen og Vask\u00e6r) kan vi fejre 55 \u00e5rs f\u00f8dselsdag og fra 2014 som Danmarks st\u00f8rste materieludlejer","og_url":"https:\/\/www.gsv.dk\/en\/om-gsv\/gsv-historie\/","og_site_name":"GSV","article_publisher":"https:\/\/www.facebook.com\/gsvmaterieludlejning\/","article_modified_time":"2020-05-22T07:18:38+00:00","og_image":[{"width":300,"height":134,"url":"https:\/\/www.gsv.dk\/content\/uploads\/2020\/01\/logo-300x134.png","type":"image\/png"}],"twitter_card":"summary_large_image","twitter_site":"@GsvMateriel","schema":{"@context":"https:\/\/schema.org","@graph":[{"@type":"WebPage","@id":"https:\/\/www.gsv.dk\/om-gsv\/gsv-historie\/","url":"https:\/\/www.gsv.dk\/om-gsv\/gsv-historie\/","name":"GSV historie - Danmarks st\u00f8rste materieludlejer","isPartOf":{"@id":"https:\/\/www.gsv.dk\/#website"},"datePublished":"2019-12-27T10:33:04+00:00","dateModified":"2020-05-22T07:18:38+00:00","description":"GSV har mere end 100 \u00e5rs historie - som GSV (Grunnet, Svendsen og Vask\u00e6r) kan vi fejre 55 \u00e5rs f\u00f8dselsdag og fra 2014 som Danmarks st\u00f8rste materieludlejer","breadcrumb":{"@id":"https:\/\/www.gsv.dk\/om-gsv\/gsv-historie\/#breadcrumb"},"inLanguage":"en-GB","potentialAction":[{"@type":"ReadAction","target":["https:\/\/www.gsv.dk\/om-gsv\/gsv-historie\/"]}]},{"@type":"BreadcrumbList","@id":"https:\/\/www.gsv.dk\/om-gsv\/gsv-historie\/#breadcrumb","itemListElement":[{"@type":"ListItem","position":1,"name":"Home","item":"https:\/\/www.gsv.dk\/"},{"@type":"ListItem","position":2,"name":"About GSV","item":"https:\/\/www.gsv.dk\/om-gsv\/"},{"@type":"ListItem","position":3,"name":"GSV history"}]},{"@type":"WebSite","@id":"https:\/\/www.gsv.dk\/#website","url":"https:\/\/www.gsv.dk\/","name":"GSV","description":"GSV materieludlejning","publisher":{"@id":"https:\/\/www.gsv.dk\/#organization"},"potentialAction":[{"@type":"SearchAction","target":{"@type":"EntryPoint","urlTemplate":"https:\/\/www.gsv.dk\/?s={search_term_string}"},"query-input":{"@type":"PropertyValueSpecification","valueRequired":true,"valueName":"search_term_string"}}],"inLanguage":"en-GB"},{"@type":"Organization","@id":"https:\/\/www.gsv.dk\/#organization","name":"GSV Materieludlejning","url":"https:\/\/www.gsv.dk\/","logo":{"@type":"ImageObject","inLanguage":"en-GB","@id":"https:\/\/www.gsv.dk\/#\/schema\/logo\/image\/","url":"https:\/\/www.gsv.dk\/content\/uploads\/2020\/01\/logo-300x134.png","contentUrl":"https:\/\/www.gsv.dk\/content\/uploads\/2020\/01\/logo-300x134.png","width":300,"height":134,"caption":"GSV Materieludlejning"},"image":{"@id":"https:\/\/www.gsv.dk\/#\/schema\/logo\/image\/"},"sameAs":["https:\/\/www.facebook.com\/gsvmaterieludlejning\/","https:\/\/x.com\/GsvMateriel","https:\/\/www.instagram.com\/gsv_materieludlejning\/","https:\/\/www.linkedin.com\/company\/gsv-materieludlejning-a-s","https:\/\/www.youtube.com\/channel\/UCDWOSIoGkwn6bPG7-Kgxqkw"]}]}},"_links":{"self":[{"href":"https:\/\/www.gsv.dk\/en\/wp-json\/wp\/v2\/pages\/214947","targetHints":{"allow":["GET"]}}],"collection":[{"href":"https:\/\/www.gsv.dk\/en\/wp-json\/wp\/v2\/pages"}],"about":[{"href":"https:\/\/www.gsv.dk\/en\/wp-json\/wp\/v2\/types\/page"}],"author":[{"embeddable":true,"href":"https:\/\/www.gsv.dk\/en\/wp-json\/wp\/v2\/users\/3"}],"replies":[{"embeddable":true,"href":"https:\/\/www.gsv.dk\/en\/wp-json\/wp\/v2\/comments?post=214947"}],"version-history":[{"count":2,"href":"https:\/\/www.gsv.dk\/en\/wp-json\/wp\/v2\/pages\/214947\/revisions"}],"predecessor-version":[{"id":214949,"href":"https:\/\/www.gsv.dk\/en\/wp-json\/wp\/v2\/pages\/214947\/revisions\/214949"}],"up":[{"embeddable":true,"href":"https:\/\/www.gsv.dk\/en\/wp-json\/wp\/v2\/pages\/214940"}],"wp:attachment":[{"href":"https:\/\/www.gsv.dk\/en\/wp-json\/wp\/v2\/media?parent=214947"}],"curies":[{"name":"wp","href":"https:\/\/api.w.org\/{rel}","templated":true}]}}