{"id":1944368,"date":"2024-04-03T06:45:22","date_gmt":"2024-04-03T06:45:22","guid":{"rendered":"https:\/\/www.gsv.dk\/?page_id=1944368"},"modified":"2025-10-29T13:51:53","modified_gmt":"2025-10-29T13:51:53","slug":"impakt","status":"publish","type":"page","link":"https:\/\/www.gsv.dk\/en\/impakt\/","title":{"rendered":"iMPAKT"},"content":{"rendered":"<div\n  class=\"block acf-block acf-block--hero\"\n   id=\"acf-hero-1\"  \n>\n        <div class=\"hero\">\n                                            <div class=\"hero__image\">\n    <div class=\"hero__image-overlay\" style=\"background-color: rgba(0, 0, 0, 0.25)\"><\/div>\n    \n            <picture>\n                <source srcset=\"https:\/\/gsv-imgix.imgix.net\/wordpress-prod\/boDEFEU6-Byg-med-mindre-CO2-Lej-iMPAKT-materiel-hos-GSV.png?fit=clip&#038;fm=png&#038;h=550&#038;ixlib=php-3.3.1&#038;w=1440&#038;wpsize=wide_desktop\" media=\"(min-width: 1200px)\"><source srcset=\"https:\/\/gsv-imgix.imgix.net\/wordpress-prod\/boDEFEU6-Byg-med-mindre-CO2-Lej-iMPAKT-materiel-hos-GSV.png?fit=clip&#038;fm=png&#038;h=550&#038;ixlib=php-3.3.1&#038;w=1200&#038;wpsize=wide_tablet_landscape\" media=\"(min-width: 900px)\"><source srcset=\"https:\/\/gsv-imgix.imgix.net\/wordpress-prod\/boDEFEU6-Byg-med-mindre-CO2-Lej-iMPAKT-materiel-hos-GSV.png?fit=clip&#038;fm=png&#038;h=400&#038;ixlib=php-3.3.1&#038;w=900&#038;wpsize=wide_tablet_portrait\" media=\"(min-width: 600px)\"><source srcset=\"https:\/\/gsv-imgix.imgix.net\/wordpress-prod\/boDEFEU6-Byg-med-mindre-CO2-Lej-iMPAKT-materiel-hos-GSV.png?fit=clip&#038;fm=png&#038;h=350&#038;ixlib=php-3.3.1&#038;w=600&#038;wpsize=wide_large_phone\" media=\"(min-width: 414px)\">\n                <img loading=\"lazy\" decoding=\"async\" src=\"https:\/\/gsv-imgix.imgix.net\/wordpress-prod\/boDEFEU6-Byg-med-mindre-CO2-Lej-iMPAKT-materiel-hos-GSV.png?fit=clip&#038;fm=png&#038;h=250&#038;ixlib=php-3.3.1&#038;w=414&#038;wpsize=wide_phone\" alt=\"\" title=\"Byg Med Mindre CO2 Lej IMPAKT Materiel Hos GSV\" width=\"414\" height=\"250\">\n            <\/picture>\n<\/div>\n\n\n    <div class=\"hero__content\">\n                    <h1 class=\"hero__title\">\n                Med iMPAKT kan du g\u00f8re din byggeplads emissionsfri\n            <\/h1>\n        \n        \n            <\/div>\n                    <\/div>\n    \n    \n      <\/div>\n<div\n  class=\"block acf-block acf-block--content-block\"\n   id=\"acf-content-block-2\"  \n>\n        <div class=\"content-block content-block--light-grey has-background\">\n            <div class=\"bgw background--light-grey\" data-reveal=\"bgw\"><\/div>\n    \n    <div class=\"inner inner--medium\">\n        <div class=\"content-block__image image-fade\">\n            <div class=\"image-fade__container\"><\/div>\n            \n            <picture>\n                <source srcset=\"https:\/\/gsv-imgix.imgix.net\/wordpress-prod\/Anne-Cecilie-Lysbo-Direktoer-baeredygtighed-kommunikation-og-marketing-GSV-v2.png?fit=clip&#038;fm=png&#038;h=550&#038;ixlib=php-3.3.1&#038;w=575&#038;wpsize=content_block_tablet_landscape\" media=\"(min-width: 900px)\"><source srcset=\"https:\/\/gsv-imgix.imgix.net\/wordpress-prod\/Anne-Cecilie-Lysbo-Direktoer-baeredygtighed-kommunikation-og-marketing-GSV-v2.png?fit=clip&#038;fm=png&#038;h=400&#038;ixlib=php-3.3.1&#038;w=900&#038;wpsize=wide_tablet_portrait\" media=\"(min-width: 600px)\"><source srcset=\"https:\/\/gsv-imgix.imgix.net\/wordpress-prod\/Anne-Cecilie-Lysbo-Direktoer-baeredygtighed-kommunikation-og-marketing-GSV-v2.png?fit=clip&#038;fm=png&#038;h=350&#038;ixlib=php-3.3.1&#038;w=600&#038;wpsize=wide_large_phone\" media=\"(min-width: 414px)\">\n                <img loading=\"lazy\" decoding=\"async\" src=\"https:\/\/gsv-imgix.imgix.net\/wordpress-prod\/Anne-Cecilie-Lysbo-Direktoer-baeredygtighed-kommunikation-og-marketing-GSV-v2.png?fit=clip&#038;fm=png&#038;h=250&#038;ixlib=php-3.3.1&#038;w=414&#038;wpsize=wide_phone\" alt=\"\" title=\"Anne Cecilie Lysbo Direkt\u00f8r B\u00e6redygtighed Kommunikation Og Marketing GSV V2\" width=\"414\" height=\"250\" \/>\n            <\/picture>\n        <\/div>\n\n        <div class=\"content-block__content\" data-reveal=\"reveal\">\n            \n                            <h2 class=\"content-block__title\">Byggebranchens klimaaftryk skal v\u00e6re mindre<\/h2>\n            \n                            <div class=\"content-block__body\">\n                    <p><span data-contrast=\"auto\">GSV vil vi v\u00e6re med til at fremme en byggebranche, der udleder mindre CO2. Derfor arbejder vi m\u00e5lrettet p\u00e5 at udvikle og tilbyde l\u00f8sninger, der g\u00f8r en forskel \u2013 b\u00e5de for vores kunder og for kommende generationer.\u00a0<\/span><span data-ccp-props=\"{}\">\u00a0<\/span><\/p>\n<p><span data-contrast=\"auto\">Hvis byggebranchen skal lykkes med at udlede mindre CO2, s\u00e5 skal vi l\u00f8fte opgaven p\u00e5 tv\u00e6rs at hele leverand\u00f8rk\u00e6den.\u00a0<\/span><span data-ccp-props=\"{}\">\u00a0<\/span><\/p>\n<p><span data-contrast=\"auto\">Vores iMPAKT-serien best\u00e5r prim\u00e6rt af den nyeste teknologi indenfor batteridrevet materiel, der hverken udleder partikler eller CO2. IMPAKT serien best\u00e5r dog ikke kun af maskiner men ogs\u00e5 af vores ladel\u00f8sninger samt vores moduler. I vores iMPAKT City, som fungerer som et samlingssted for kunder og samarbejdspartnere, starter vi partnerskaber op med f\u00e6lles m\u00e5l om at bygge med mindre CO2. Vi udvikler sammen digitale l\u00f8sninger, som b\u00e5de hj\u00e6lper med overblik, rapportering og alternative l\u00f8sningsforslag i forhold til mindre CO2-udledning.\u00a0<\/span><span data-ccp-props=\"{}\">\u00a0<\/span><\/p>\n<p><span data-contrast=\"auto\">Sammen skaber vi en bedre og mere fremtidssikret branche. Derfor har vi ogs\u00e5 taget forskellige initiativer.\u00a0 til partnerskaber, som f.eks. vores konference Fremtidens Byggeri, hvor vi samler branchen og taler om ny teknologi og mulige l\u00f8sninger.<\/span><span data-ccp-props=\"{}\">\u00a0<\/span><\/p>\n<p>Anne Cecilie Lysbo, Direkt\u00f8r, B\u00e6redygtighed, Kommunikation &amp; Marketing<\/p>\n\n                <\/div>\n            \n                    <\/div>\n    <\/div>\n<\/div>\n\n      <\/div>\n<div\n  class=\"block acf-block acf-block--text-block\"\n   id=\"acf-text-block-3\"  \n>\n        <div class=\"text-block\">\n    \n    <div class=\"inner inner--small\">\n        \n                    <h2 class=\"l-title\" data-reveal=\"reveal\">iMPAKT materiel<\/h2>\n        \n                    <div class=\"text-block__body\" data-reveal=\"reveal\">\n                <p><span data-contrast=\"auto\">Med IMPAKT-materielserien, kan vi sammen med vores kunder fremme de emissionfrie byggepladser i Danmark. Det er ikke kun CO2-udledningen, som bliver mindre, n\u00e5r man benytter iMPAKT-seriens maskiner. Der tages ogs\u00e5 et st\u00f8rre hensyn til kollegerne og beboerne i de omr\u00e5der, hvor der bygges. For maskinerne er st\u00f8jsvage og udleder ikke partikler, som er til gene for dem, der betjener maskinerne, og dem, der g\u00e5r forbi. Derfor kan iMPAKT-seriens maskiner ogs\u00e5 benyttes p\u00e5 byggepladser i byomr\u00e5der om natten, samt indend\u00f8rs.<\/span><span data-ccp-props=\"{}\">\u00a0<\/span><\/p>\n<p><span data-contrast=\"auto\">5 fordele ved iMPAKT der g\u00f8r en forskel:<\/span><span data-ccp-props=\"{}\">\u00a0<\/span><\/p>\n<ol>\n<li><span data-contrast=\"auto\">Maskinerne er st\u00f8jsvage dvs du kan bruge maskinerne p\u00e5 indend\u00f8rs byggepladser og i byen om natten<\/span><span data-ccp-props=\"{}\">\u00a0<\/span><\/li>\n<li><span data-contrast=\"auto\">Maskinerne udleder hverken partikler eller CO2 hvilket er godt for arbejdsmilj\u00f8et<\/span><span data-ccp-props=\"{}\">\u00a0<\/span><\/li>\n<li><span data-contrast=\"auto\">Maskinerne er sp\u00e6kket med det nyeste sikkerhedsudstyr<\/span><span data-ccp-props=\"{}\">\u00a0<\/span><\/li>\n<li><span data-contrast=\"auto\">Maskinerne er lige s\u00e5 st\u00e6rke, som maskiner, der k\u00f8rer p\u00e5 fossilt br\u00e6ndstof<\/span><span data-ccp-props=\"{}\">\u00a0<\/span><\/li>\n<li><span data-contrast=\"auto\">De fleste af maskinerne oplades p\u00e5 en almindelig 230V-oplader<\/span><span data-ccp-props=\"{}\">\u00a0<\/span><\/li>\n<\/ol>\n\n            <\/div>\n            <\/div>\n<\/div>\n\n      <\/div>\n<div\n  class=\"block acf-block acf-block--quick-navigation-block\"\n   id=\"acf-quick-navigation-block-4\"  \n>\n        <div class=\"quick-nav l-category\">\n        \n        <div class=\"inner inner--medium\">\n            \n                            <h2 class=\"l-title\" data-reveal=\"reveal\">Se videoer om vores iMPAKT produkter<\/h2>\n            \n            <div class=\"l-category__items grid-4\">\n                                                                                <div class=\"l-category__item\">\n                            <a class=\"l-category__link\"\n                               href=\"\/impakt-low-emission-wacker-neuson-as50e\/\"\n                               target=\"_blank\"\n                               aria-label=\"L\u00e6s mere om Wacker Neuson AS50E jordloppe\">\n\n                                                                    <div class=\"l-category__image\">\n                                        \n            <picture>\n                \n                <img loading=\"lazy\" decoding=\"async\" src=\"https:\/\/gsv-imgix.imgix.net\/wordpress-prod\/gCrl3qmR-iMPAKT-Low-Emission-Wacker-Neuson-Jordloppe-70-kg-Lej-hos-GSV.png?fit=clip&#038;fm=png&#038;h=160&#038;ixlib=php-3.3.1&#038;w=280&#038;wpsize=quick_link_image\" alt=\"\" title=\"IMPAKT Low Emission Wacker Neuson Jordloppe 70 Kg Lej Hos GSV\" width=\"280\" height=\"160\">\n            <\/picture>\n                                    <\/div>\n                                \n                                <span class=\"l-category__item-title\">Wacker Neuson AS50E jordloppe<\/span>\n\n                                <div class=\"l-category__arrow\">\n                                    <svg xmlns=\"http:\/\/www.w3.org\/2000\/svg\" viewbox=\"0 0 31 31\" class=\"\"><path d=\"M15.5 0C24.06 0 31 6.94 31 15.5 31 24.06 24.06 31 15.5 31 6.94 31 0 24.06 0 15.5 0 6.94 6.94 0 15.5 0zm0 .969C7.475.969.969 7.475.969 15.5S7.475 30.031 15.5 30.031 30.031 23.525 30.031 15.5 23.525.969 15.5.969zM13.323 8l6.977 6.846a.922.922 0 01.077 1.22l-.082.092L13.323 23 12 21.694l6.311-6.194L12 9.306 13.323 8z\"\/><\/svg>\n                                <\/div>\n                            <\/a>\n                        <\/div>\n                                                                                                    <div class=\"l-category__item\">\n                            <a class=\"l-category__link\"\n                               href=\"\/impakt-low-emission-wacker-neuson-ap1850we\/\"\n                               target=\"\"\n                               aria-label=\"L\u00e6s mere om Wacker Neuson AP1850WE pladevibrator\">\n\n                                                                    <div class=\"l-category__image\">\n                                        \n            <picture>\n                \n                <img loading=\"lazy\" decoding=\"async\" src=\"https:\/\/gsv-imgix.imgix.net\/wordpress-prod\/1h52Bchm-iMPAKT-Low-Emission-Wacker-Neuson-pladevibrator-Lej-hos-GSV.png?fit=clip&#038;fm=png&#038;h=160&#038;ixlib=php-3.3.1&#038;w=280&#038;wpsize=quick_link_image\" alt=\"\" title=\"IMPAKT Low Emission Wacker Neuson Pladevibrator Lej Hos GSV\" width=\"280\" height=\"160\">\n            <\/picture>\n                                    <\/div>\n                                \n                                <span class=\"l-category__item-title\">Wacker Neuson AP1850WE pladevibrator<\/span>\n\n                                <div class=\"l-category__arrow\">\n                                    <svg xmlns=\"http:\/\/www.w3.org\/2000\/svg\" viewbox=\"0 0 31 31\" class=\"\"><path d=\"M15.5 0C24.06 0 31 6.94 31 15.5 31 24.06 24.06 31 15.5 31 6.94 31 0 24.06 0 15.5 0 6.94 6.94 0 15.5 0zm0 .969C7.475.969.969 7.475.969 15.5S7.475 30.031 15.5 30.031 30.031 23.525 30.031 15.5 23.525.969 15.5.969zM13.323 8l6.977 6.846a.922.922 0 01.077 1.22l-.082.092L13.323 23 12 21.694l6.311-6.194L12 9.306 13.323 8z\"\/><\/svg>\n                                <\/div>\n                            <\/a>\n                        <\/div>\n                                                                                                    <div class=\"l-category__item\">\n                            <a class=\"l-category__link\"\n                               href=\"\/impakt-low-emission-hg-e1000-superskub\/\"\n                               target=\"\"\n                               aria-label=\"L\u00e6s mere om HG E1000 Superskub\">\n\n                                                                    <div class=\"l-category__image\">\n                                        \n            <picture>\n                \n                <img loading=\"lazy\" decoding=\"async\" src=\"https:\/\/gsv-imgix.imgix.net\/wordpress-prod\/VIDEO-iMPAKT-Low-Emission-HG-E1000-Superskub-Lej-hos-GSV.png?fit=clip&#038;fm=png&#038;h=160&#038;ixlib=php-3.3.1&#038;w=280&#038;wpsize=quick_link_image\" alt=\"\" title=\"VIDEO IMPAKT Low Emission HG E1000 Superskub Lej Hos GSV\" width=\"280\" height=\"160\" \/>\n            <\/picture>\n                                    <\/div>\n                                \n                                <span class=\"l-category__item-title\">HG E1000 Superskub<\/span>\n\n                                <div class=\"l-category__arrow\">\n                                    <svg xmlns=\"http:\/\/www.w3.org\/2000\/svg\" viewbox=\"0 0 31 31\" class=\"\"><path d=\"M15.5 0C24.06 0 31 6.94 31 15.5 31 24.06 24.06 31 15.5 31 6.94 31 0 24.06 0 15.5 0 6.94 6.94 0 15.5 0zm0 .969C7.475.969.969 7.475.969 15.5S7.475 30.031 15.5 30.031 30.031 23.525 30.031 15.5 23.525.969 15.5.969zM13.323 8l6.977 6.846a.922.922 0 01.077 1.22l-.082.092L13.323 23 12 21.694l6.311-6.194L12 9.306 13.323 8z\"\/><\/svg>\n                                <\/div>\n                            <\/a>\n                        <\/div>\n                                                                                                    <div class=\"l-category__item\">\n                            <a class=\"l-category__link\"\n                               href=\"\/impakt-low-emission-wacker-neuson-dw-15e\/\"\n                               target=\"_blank\"\n                               aria-label=\"L\u00e6s mere om Wacker Neuson DW 15E dumper\">\n\n                                                                    <div class=\"l-category__image\">\n                                        \n            <picture>\n                \n                <img loading=\"lazy\" decoding=\"async\" src=\"https:\/\/gsv-imgix.imgix.net\/wordpress-prod\/0Rd4NgsT-iMPAKT-Low-Emission-Wacker-Neuson-1_5-ton-dumper-batteri-Lej-hos-GSV.png?fit=clip&#038;fm=png&#038;h=160&#038;ixlib=php-3.3.1&#038;w=280&#038;wpsize=quick_link_image\" alt=\"\" title=\"IMPAKT Low Emission Wacker Neuson 1 5 Ton Dumper Batteri Lej Hos GSV\" width=\"280\" height=\"160\">\n            <\/picture>\n                                    <\/div>\n                                \n                                <span class=\"l-category__item-title\">Wacker Neuson DW 15E dumper<\/span>\n\n                                <div class=\"l-category__arrow\">\n                                    <svg xmlns=\"http:\/\/www.w3.org\/2000\/svg\" viewbox=\"0 0 31 31\" class=\"\"><path d=\"M15.5 0C24.06 0 31 6.94 31 15.5 31 24.06 24.06 31 15.5 31 6.94 31 0 24.06 0 15.5 0 6.94 6.94 0 15.5 0zm0 .969C7.475.969.969 7.475.969 15.5S7.475 30.031 15.5 30.031 30.031 23.525 30.031 15.5 23.525.969 15.5.969zM13.323 8l6.977 6.846a.922.922 0 01.077 1.22l-.082.092L13.323 23 12 21.694l6.311-6.194L12 9.306 13.323 8z\"\/><\/svg>\n                                <\/div>\n                            <\/a>\n                        <\/div>\n                                                                                                        <\/div>\n\n                    <\/div>\n    <\/div>\n\n      <\/div>\n<div\n  class=\"block acf-block acf-block--quick-navigation-block\"\n   id=\"acf-quick-navigation-block-5\"  \n>\n        <div class=\"quick-nav l-category\">\n        \n        <div class=\"inner inner--medium\">\n            \n            \n            <div class=\"l-category__items grid-4\">\n                                                                                <div class=\"l-category__item\">\n                            <a class=\"l-category__link\"\n                               href=\"\/impakt-low-emission-hybridgenerator\/\"\n                               target=\"_blank\"\n                               aria-label=\"L\u00e6s mere om Hybridgenerator 22 kw\">\n\n                                                                    <div class=\"l-category__image\">\n                                        \n            <picture>\n                \n                <img loading=\"lazy\" decoding=\"async\" src=\"https:\/\/gsv-imgix.imgix.net\/wordpress-prod\/VIDEO-iMPAKT-Low-Emission-Hybridgenerator-Lej-hos-GSV.png?fit=clip&#038;fm=png&#038;h=160&#038;ixlib=php-3.3.1&#038;w=280&#038;wpsize=quick_link_image\" alt=\"\" title=\"VIDEO IMPAKT Low Emission Hybridgenerator Lej Hos GSV\" width=\"280\" height=\"160\" \/>\n            <\/picture>\n                                    <\/div>\n                                \n                                <span class=\"l-category__item-title\">Hybridgenerator 22 kw<\/span>\n\n                                <div class=\"l-category__arrow\">\n                                    <svg xmlns=\"http:\/\/www.w3.org\/2000\/svg\" viewbox=\"0 0 31 31\" class=\"\"><path d=\"M15.5 0C24.06 0 31 6.94 31 15.5 31 24.06 24.06 31 15.5 31 6.94 31 0 24.06 0 15.5 0 6.94 6.94 0 15.5 0zm0 .969C7.475.969.969 7.475.969 15.5S7.475 30.031 15.5 30.031 30.031 23.525 30.031 15.5 23.525.969 15.5.969zM13.323 8l6.977 6.846a.922.922 0 01.077 1.22l-.082.092L13.323 23 12 21.694l6.311-6.194L12 9.306 13.323 8z\"\/><\/svg>\n                                <\/div>\n                            <\/a>\n                        <\/div>\n                                                                                                    <div class=\"l-category__item\">\n                            <a class=\"l-category__link\"\n                               href=\"\/impakt-low-emission-volvo-ec18-el-gravemaskine-gravemaskine\/\"\n                               target=\"_blank\"\n                               aria-label=\"L\u00e6s mere om Volvo EC18 EL gravemaskine\">\n\n                                                                    <div class=\"l-category__image\">\n                                        \n            <picture>\n                \n                <img loading=\"lazy\" decoding=\"async\" src=\"https:\/\/gsv-imgix.imgix.net\/wordpress-prod\/VIDEO-iMPAKT-Low-Emission-Volvo-EC18-El-gravemaskine-Lej-hos-GSV.png?fit=clip&#038;fm=png&#038;h=160&#038;ixlib=php-3.3.1&#038;w=280&#038;wpsize=quick_link_image\" alt=\"\" title=\"VIDEO IMPAKT Low Emission Volvo EC18 El Gravemaskine Lej Hos GSV\" width=\"280\" height=\"160\" \/>\n            <\/picture>\n                                    <\/div>\n                                \n                                <span class=\"l-category__item-title\">Volvo EC18 EL gravemaskine<\/span>\n\n                                <div class=\"l-category__arrow\">\n                                    <svg xmlns=\"http:\/\/www.w3.org\/2000\/svg\" viewbox=\"0 0 31 31\" class=\"\"><path d=\"M15.5 0C24.06 0 31 6.94 31 15.5 31 24.06 24.06 31 15.5 31 6.94 31 0 24.06 0 15.5 0 6.94 6.94 0 15.5 0zm0 .969C7.475.969.969 7.475.969 15.5S7.475 30.031 15.5 30.031 30.031 23.525 30.031 15.5 23.525.969 15.5.969zM13.323 8l6.977 6.846a.922.922 0 01.077 1.22l-.082.092L13.323 23 12 21.694l6.311-6.194L12 9.306 13.323 8z\"\/><\/svg>\n                                <\/div>\n                            <\/a>\n                        <\/div>\n                                                                                                    <div class=\"l-category__item\">\n                            <a class=\"l-category__link\"\n                               href=\"\/impakt-low-emission-wacker-neuson-ez17e-gravemaskine\/\"\n                               target=\"_blank\"\n                               aria-label=\"L\u00e6s mere om Wacker Neuson EZ17e gravemaskine\">\n\n                                                                    <div class=\"l-category__image\">\n                                        \n            <picture>\n                \n                <img loading=\"lazy\" decoding=\"async\" src=\"https:\/\/gsv-imgix.imgix.net\/wordpress-prod\/EMz9mP1t-iMPAKT-Low-Emission-Wacker-Neuson-gravemaskine-Lej-hos-GSV.png?fit=clip&#038;fm=png&#038;h=160&#038;ixlib=php-3.3.1&#038;w=280&#038;wpsize=quick_link_image\" alt=\"\" title=\"IMPAKT Low Emission Wacker Neuson Gravemaskine Lej Hos GSV\" width=\"280\" height=\"160\">\n            <\/picture>\n                                    <\/div>\n                                \n                                <span class=\"l-category__item-title\">Wacker Neuson EZ17e gravemaskine<\/span>\n\n                                <div class=\"l-category__arrow\">\n                                    <svg xmlns=\"http:\/\/www.w3.org\/2000\/svg\" viewbox=\"0 0 31 31\" class=\"\"><path d=\"M15.5 0C24.06 0 31 6.94 31 15.5 31 24.06 24.06 31 15.5 31 6.94 31 0 24.06 0 15.5 0 6.94 6.94 0 15.5 0zm0 .969C7.475.969.969 7.475.969 15.5S7.475 30.031 15.5 30.031 30.031 23.525 30.031 15.5 23.525.969 15.5.969zM13.323 8l6.977 6.846a.922.922 0 01.077 1.22l-.082.092L13.323 23 12 21.694l6.311-6.194L12 9.306 13.323 8z\"\/><\/svg>\n                                <\/div>\n                            <\/a>\n                        <\/div>\n                                                                                                    <div class=\"l-category__item\">\n                            <a class=\"l-category__link\"\n                               href=\"\/impakt-low-emission-wacker-neuson-wl20e-gummiged\/\"\n                               target=\"_blank\"\n                               aria-label=\"L\u00e6s mere om Wacker Neuson WL20E gummiged\">\n\n                                                                    <div class=\"l-category__image\">\n                                        \n            <picture>\n                \n                <img loading=\"lazy\" decoding=\"async\" src=\"https:\/\/gsv-imgix.imgix.net\/wordpress-prod\/Pd2kI2JU-iMPAKT-Low-Emission-Wacker-Neuson-gummiged-2_2-t-Lej-hos-GSV.png?fit=clip&#038;fm=png&#038;h=160&#038;ixlib=php-3.3.1&#038;w=280&#038;wpsize=quick_link_image\" alt=\"\" title=\"IMPAKT Low Emission Wacker Neuson Gummiged 2 2 T Lej Hos GSV\" width=\"280\" height=\"160\">\n            <\/picture>\n                                    <\/div>\n                                \n                                <span class=\"l-category__item-title\">Wacker Neuson WL20E gummiged<\/span>\n\n                                <div class=\"l-category__arrow\">\n                                    <svg xmlns=\"http:\/\/www.w3.org\/2000\/svg\" viewbox=\"0 0 31 31\" class=\"\"><path d=\"M15.5 0C24.06 0 31 6.94 31 15.5 31 24.06 24.06 31 15.5 31 6.94 31 0 24.06 0 15.5 0 6.94 6.94 0 15.5 0zm0 .969C7.475.969.969 7.475.969 15.5S7.475 30.031 15.5 30.031 30.031 23.525 30.031 15.5 23.525.969 15.5.969zM13.323 8l6.977 6.846a.922.922 0 01.077 1.22l-.082.092L13.323 23 12 21.694l6.311-6.194L12 9.306 13.323 8z\"\/><\/svg>\n                                <\/div>\n                            <\/a>\n                        <\/div>\n                                                                                                    <div class=\"l-category__item\">\n                            <a class=\"l-category__link\"\n                               href=\"\/impakt-low-emission-jcb-525-60e-teleskoplaesser\/\"\n                               target=\"_blank\"\n                               aria-label=\"L\u00e6s mere om JCB 525 60 E teleskopl\u00e6sser\">\n\n                                                                    <div class=\"l-category__image\">\n                                        \n            <picture>\n                \n                <img loading=\"lazy\" decoding=\"async\" src=\"https:\/\/gsv-imgix.imgix.net\/wordpress-prod\/YXj8XNhj-iMPAKT-Low-Emission-JCB-525-60E-teleskoplaesser-Lej-hos-GSV.png?fit=clip&#038;fm=png&#038;h=160&#038;ixlib=php-3.3.1&#038;w=280&#038;wpsize=quick_link_image\" alt=\"\" title=\"IMPAKT Low Emission JCB 525 60E Teleskopl\u00e6sser Lej Hos GSV\" width=\"280\" height=\"160\">\n            <\/picture>\n                                    <\/div>\n                                \n                                <span class=\"l-category__item-title\">JCB 525 60 E teleskopl\u00e6sser<\/span>\n\n                                <div class=\"l-category__arrow\">\n                                    <svg xmlns=\"http:\/\/www.w3.org\/2000\/svg\" viewbox=\"0 0 31 31\" class=\"\"><path d=\"M15.5 0C24.06 0 31 6.94 31 15.5 31 24.06 24.06 31 15.5 31 6.94 31 0 24.06 0 15.5 0 6.94 6.94 0 15.5 0zm0 .969C7.475.969.969 7.475.969 15.5S7.475 30.031 15.5 30.031 30.031 23.525 30.031 15.5 23.525.969 15.5.969zM13.323 8l6.977 6.846a.922.922 0 01.077 1.22l-.082.092L13.323 23 12 21.694l6.311-6.194L12 9.306 13.323 8z\"\/><\/svg>\n                                <\/div>\n                            <\/a>\n                        <\/div>\n                                                                                                    <div class=\"l-category__item\">\n                            <a class=\"l-category__link\"\n                               href=\"\/impakt-low-emission-kontormodul\/\"\n                               target=\"_blank\"\n                               aria-label=\"L\u00e6s mere om iMPAKT Kontormodul\">\n\n                                                                    <div class=\"l-category__image\">\n                                        \n            <picture>\n                \n                <img loading=\"lazy\" decoding=\"async\" src=\"https:\/\/gsv-imgix.imgix.net\/wordpress-prod\/VIDEO-iMPAKT-Kontormodul-Lej-hos-GSV.png?fit=clip&#038;fm=png&#038;h=160&#038;ixlib=php-3.3.1&#038;w=280&#038;wpsize=quick_link_image\" alt=\"\" title=\"VIDEO IMPAKT Kontormodul Lej Hos GSV\" width=\"280\" height=\"160\" \/>\n            <\/picture>\n                                    <\/div>\n                                \n                                <span class=\"l-category__item-title\">iMPAKT Kontormodul<\/span>\n\n                                <div class=\"l-category__arrow\">\n                                    <svg xmlns=\"http:\/\/www.w3.org\/2000\/svg\" viewbox=\"0 0 31 31\" class=\"\"><path d=\"M15.5 0C24.06 0 31 6.94 31 15.5 31 24.06 24.06 31 15.5 31 6.94 31 0 24.06 0 15.5 0 6.94 6.94 0 15.5 0zm0 .969C7.475.969.969 7.475.969 15.5S7.475 30.031 15.5 30.031 30.031 23.525 30.031 15.5 23.525.969 15.5.969zM13.323 8l6.977 6.846a.922.922 0 01.077 1.22l-.082.092L13.323 23 12 21.694l6.311-6.194L12 9.306 13.323 8z\"\/><\/svg>\n                                <\/div>\n                            <\/a>\n                        <\/div>\n                                                                                                        <\/div>\n\n                    <\/div>\n    <\/div>\n\n      <\/div>\n<div\n  class=\"block acf-block acf-block--button\"\n   id=\"acf-button-6\"  \n>\n      <div class=\"inner inner--small\">\n            <div data-reveal=\"reveal\">\n        <a\n                        class=\"btn btn--primary-green\"\n                        title=\"Lej iMPAKT maskiner her\"\n                        aria-label=\"Lej iMPAKT maskiner her\"\n                        href=\"https:\/\/www.gsv.dk\/product-category\/impakt\/\"\n                        rel=\"noreferrer\"\n                        target=\"\">\n                        <span>Lej iMPAKT maskiner her<\/span>\n                        <\/a>\n    <\/div>\n\n          <\/div>\n  <\/div>\n<div\n  class=\"block acf-block acf-block--content-block\"\n   id=\"acf-content-block-7\"  \n>\n        <div class=\"content-block content-block--light-grey has-background\">\n            <div class=\"bgw background--light-grey\" data-reveal=\"bgw\"><\/div>\n    \n    <div class=\"inner inner--medium\">\n        <div class=\"content-block__image image-fade\">\n            <div class=\"image-fade__container\"><\/div>\n            \n            <picture>\n                <source srcset=\"https:\/\/gsv-imgix.imgix.net\/wordpress-prod\/Produkt-1-Clayton-Powerbank-48kWh-1920x1080px.png?fit=clip&#038;fm=png&#038;h=550&#038;ixlib=php-3.3.1&#038;w=575&#038;wpsize=content_block_tablet_landscape\" media=\"(min-width: 900px)\"><source srcset=\"https:\/\/gsv-imgix.imgix.net\/wordpress-prod\/Produkt-1-Clayton-Powerbank-48kWh-1920x1080px.png?fit=clip&#038;fm=png&#038;h=400&#038;ixlib=php-3.3.1&#038;w=900&#038;wpsize=wide_tablet_portrait\" media=\"(min-width: 600px)\"><source srcset=\"https:\/\/gsv-imgix.imgix.net\/wordpress-prod\/Produkt-1-Clayton-Powerbank-48kWh-1920x1080px.png?fit=clip&#038;fm=png&#038;h=350&#038;ixlib=php-3.3.1&#038;w=600&#038;wpsize=wide_large_phone\" media=\"(min-width: 414px)\">\n                <img loading=\"lazy\" decoding=\"async\" src=\"https:\/\/gsv-imgix.imgix.net\/wordpress-prod\/Produkt-1-Clayton-Powerbank-48kWh-1920x1080px.png?fit=clip&#038;fm=png&#038;h=250&#038;ixlib=php-3.3.1&#038;w=414&#038;wpsize=wide_phone\" alt=\"\" title=\"Produkt 1 Clayton Powerbank 48kWh 1920x1080px\" width=\"414\" height=\"250\" \/>\n            <\/picture>\n        <\/div>\n\n        <div class=\"content-block__content\" data-reveal=\"reveal\">\n            \n                            <h2 class=\"content-block__title\">iMPAKT ladel\u00f8sninger<\/h2>\n            \n                            <div class=\"content-block__body\">\n                    <p><span data-contrast=\"auto\">B\u00e5de vores hybridgeneratorer er kompakte og trailermonterede. Det g\u00f8r det b\u00e5de nemt at transportere og opstille dem, ligesom det g\u00f8r dem velegnet til b\u00e5de midlertidige og permanente installationer. Deres brugervenlige kontrolsystemer g\u00f8r det nemt at tr\u00e6kke data ind i vores dashboard, som kan afl\u00e6ses p\u00e5 MitGSV. Hybridgeneratorerne i iMPAKT-serien f\u00e5s b\u00e5de med en 45kVA\/22 kWh og en 90kVA\/45 kWh powerbank, der i udgangspunktet drives af en dieselmotor og solceller p\u00e5 taget. Sammenlignet med traditionelle dieselgeneratorer reducerer hybridgeneratorerne br\u00e6ndstofforbrug og CO2-udledning med op til 85 %, fordi hybridgeneratoren arbejder p\u00e5 batteriet i perioder med lav belastning og aktiverer kun motoren, n\u00e5r det er n\u00f8dvendigt. Det g\u00f8r hybridgeneratorerne gode til opgaver med mindre belastning over l\u00e6ngere tid, men ikke til at oplade materiel, da det vil tappe batteriet alt for hurtigt og f\u00e5 generatoren til at skifte over til diesel.<\/span><span data-ccp-props=\"{}\">\u00a0<\/span><\/p>\n<p><span data-contrast=\"auto\">Vores trailermonterede powerbanks er vores gr\u00f8nne alternativ til hybridgeneratoren, hvis du eksempelvis skal bygge uden emission. De er gode til det samme som hybridgeneratorerne.<\/span><span data-ccp-props=\"{}\">\u00a0<\/span><\/p>\n\n                <\/div>\n            \n                    <\/div>\n    <\/div>\n<\/div>\n\n      <\/div>\n<div\n  class=\"block acf-block acf-block--content-block\"\n   id=\"acf-content-block-8\"  \n>\n        <div class=\"content-block is-reversed\">\n    \n    <div class=\"inner inner--medium\">\n        <div class=\"content-block__image image-fade\">\n            <div class=\"image-fade__container\"><\/div>\n            \n            <picture>\n                <source srcset=\"https:\/\/gsv-imgix.imgix.net\/wordpress-prod\/400-5030-billede-iMPAKT-kontormodul-K0-Lej-hos-GSV.png?fit=clip&#038;fm=png&#038;h=550&#038;ixlib=php-3.3.1&#038;w=575&#038;wpsize=content_block_tablet_landscape\" media=\"(min-width: 900px)\"><source srcset=\"https:\/\/gsv-imgix.imgix.net\/wordpress-prod\/400-5030-billede-iMPAKT-kontormodul-K0-Lej-hos-GSV.png?fit=clip&#038;fm=png&#038;h=400&#038;ixlib=php-3.3.1&#038;w=900&#038;wpsize=wide_tablet_portrait\" media=\"(min-width: 600px)\"><source srcset=\"https:\/\/gsv-imgix.imgix.net\/wordpress-prod\/400-5030-billede-iMPAKT-kontormodul-K0-Lej-hos-GSV.png?fit=clip&#038;fm=png&#038;h=350&#038;ixlib=php-3.3.1&#038;w=600&#038;wpsize=wide_large_phone\" media=\"(min-width: 414px)\">\n                <img loading=\"lazy\" decoding=\"async\" src=\"https:\/\/gsv-imgix.imgix.net\/wordpress-prod\/400-5030-billede-iMPAKT-kontormodul-K0-Lej-hos-GSV.png?fit=clip&#038;fm=png&#038;h=250&#038;ixlib=php-3.3.1&#038;w=414&#038;wpsize=wide_phone\" alt=\"\" title=\"400 5030 Billede IMPAKT Kontormodul K0 Lej Hos GSV\" width=\"414\" height=\"250\" \/>\n            <\/picture>\n        <\/div>\n\n        <div class=\"content-block__content\" data-reveal=\"reveal\">\n            \n                            <h2 class=\"content-block__title\">iMPAKT moduler<\/h2>\n            \n                            <div class=\"content-block__body\">\n                    <p><span data-contrast=\"auto\">Vores impakt Moduler er bedre isoleret i tag og v\u00e6gge end et traditionelt modul, og de har trelagstermoruder, derved reducerer man ogs\u00e5 varmetabet sammenlignet med traditionelle moduler. Der kan tilk\u00f8bes indbygget intelligens i form af IoTdevices i alle moduler, der indsamler data, som kunden har adgang til, via MitGSV. Det s\u00f8rger blandt andet for af temperaturen, at varmepumpen slukker, n\u00e5r der er \u00e5bne vinduer, samt at str\u00f8mforbruget overv\u00e5ges. Man kan derudover tilv\u00e6lge solceller p\u00e5 taget, som kan producere op til fire kWh i timen \u2013 hvilket svarer til, hvad en gennemsnitlig familie bruger p\u00e5 seks timer. Alle vores kontormoduler er p\u00e5 28 m2 og kan indrettes forskelligt alt efter, hvad de skal bruges til.<\/span><span data-ccp-props=\"{}\">\u00a0<\/span><\/p>\n<p><span data-contrast=\"auto\">Indvendige m\u00e5l (LxBxH): 9,03 x 3,15 x 2,50 meter<\/span><span data-ccp-props=\"{}\">\u00a0<\/span><\/p>\n<p><span data-contrast=\"auto\">Udvendige m\u00e5l (LxBxH): 9,56 x 3,50 x 3,40 meter<\/span><span data-ccp-props=\"{}\">\u00a0<\/span><\/p>\n<p><span data-contrast=\"auto\">V\u00e6gt: 8.000-12.000 kg<\/span><span data-ccp-props=\"{}\">\u00a0<\/span><\/p>\n\n                <\/div>\n            \n                    <\/div>\n    <\/div>\n<\/div>\n\n      <\/div>\n<div\n  class=\"block acf-block acf-block--video-block\"\n   id=\"acf-video-block-9\"  \n>\n        <div class=\"video-container\">\n    \n    \n    <div class=\"video video--iframe video--embedly\">\n        <iframe\n            class=\"video__element-embedly\"\n            src=\"https:\/\/dreambroker.com\/channel\/qmil6ffv\/iframe\/qvt6rjkx?controls=true\"\n            frameborder=\"0\"\n            allowfullscreen\n allowtransparency\n allow=\"autoplay\"\n            loading=\"lazy\"\n        ><\/iframe>\n    <\/div>\n<\/div>\n\n      <\/div>\n<div\n  class=\"block acf-block acf-block--content-block\"\n   id=\"acf-content-block-10\"  \n>\n        <div class=\"content-block\">\n    \n    <div class=\"inner inner--medium\">\n        <div class=\"content-block__image image-fade\">\n            <div class=\"image-fade__container\"><\/div>\n            \n            <picture>\n                <source srcset=\"https:\/\/gsv-imgix.imgix.net\/wordpress-prod\/iMPAKT-det-goer-en-forskel.png?fit=clip&#038;fm=png&#038;h=550&#038;ixlib=php-3.3.1&#038;w=575&#038;wpsize=content_block_tablet_landscape\" media=\"(min-width: 900px)\"><source srcset=\"https:\/\/gsv-imgix.imgix.net\/wordpress-prod\/iMPAKT-det-goer-en-forskel.png?fit=clip&#038;fm=png&#038;h=400&#038;ixlib=php-3.3.1&#038;w=900&#038;wpsize=wide_tablet_portrait\" media=\"(min-width: 600px)\"><source srcset=\"https:\/\/gsv-imgix.imgix.net\/wordpress-prod\/iMPAKT-det-goer-en-forskel.png?fit=clip&#038;fm=png&#038;h=350&#038;ixlib=php-3.3.1&#038;w=600&#038;wpsize=wide_large_phone\" media=\"(min-width: 414px)\">\n                <img loading=\"lazy\" decoding=\"async\" src=\"https:\/\/gsv-imgix.imgix.net\/wordpress-prod\/iMPAKT-det-goer-en-forskel.png?fit=clip&#038;fm=png&#038;h=250&#038;ixlib=php-3.3.1&#038;w=414&#038;wpsize=wide_phone\" alt=\"\" title=\"IMPAKT Det G\u00f8r En Forskel\" width=\"414\" height=\"250\" \/>\n            <\/picture>\n        <\/div>\n\n        <div class=\"content-block__content\" data-reveal=\"reveal\">\n            \n                            <h2 class=\"content-block__title\">iMPAKT City<\/h2>\n            \n                            <div class=\"content-block__body\">\n                    <p><span data-contrast=\"auto\">I vores iMPAKT Cities i hhv Greve og Aarhus udvikler vi f\u00e6lles l\u00f8sninger til at reducere partikel- og CO2-udledningen p\u00e5 de danske byggepladser sammen med vores kunder og samarbejdspartnere. iMPAKT Cities fungerer b\u00e5de som et videncentre og et testcentre, hvor vi fremviser udvalgte elektriske maskiner, moduler, powerbanks samt ladel\u00f8sninger til infrastrukturen p\u00e5 byggepladserne \u2013 og hvor vi ogs\u00e5 viser, hvordan vores data og digitale l\u00f8sninger bidrager som l\u00f8ftestang for den gr\u00f8nne omstilling.<\/span><span data-ccp-props=\"{}\">\u00a0<\/span><\/p>\n<p><span data-contrast=\"auto\">Vi ved godt at P\u00e5 mange af landets\u00a0 byggepladser er der ikke tilstr\u00e6kkelig ladeinfrastruktur til den nye udvikling, derfor har GSV ogs\u00e5 investeret i Clevers mobile og fleksible ladel\u00f8sning, hvor maskinerne kan s\u00e6ttes til opladning i frokostpausen og over natten.<\/span><span data-ccp-props=\"{}\">\u00a0<\/span><\/p>\n<p><span data-contrast=\"auto\">Det er ikke den enkelte maskine, der g\u00f8r hele forskellen, det er m\u00e5den, vi sammens\u00e6tter byggepladsen p\u00e5, v\u00e6lger de rigtige maskiner og bruger dem ude p\u00e5 pladsen. Her spiller vores digitale l\u00f8sninger, hvor vi optimerer brugen, kan monitorere maskinerne og hj\u00e6lpe vores kunder til at v\u00e6lge emissionsfrit. Derfor st\u00e5r vi klar til at r\u00e5dgive vores kunder rundt om i landet men ogs\u00e5 i vores impakt cities, s\u00e5 de f\u00e5r den l\u00f8sning, der passer til det enkelte projekt.<\/span><span data-ccp-props=\"{}\">\u00a0<\/span><\/p>\n\n                <\/div>\n            \n                    <\/div>\n    <\/div>\n<\/div>\n\n      <\/div>\n<div\n  class=\"block acf-block acf-block--content-block\"\n   id=\"acf-content-block-11\"  \n>\n        <div class=\"content-block is-reversed\">\n    \n    <div class=\"inner inner--medium\">\n        <div class=\"content-block__image image-fade\">\n            <div class=\"image-fade__container\"><\/div>\n            \n            <picture>\n                <source srcset=\"https:\/\/gsv-imgix.imgix.net\/wordpress-prod\/APP.png?fit=clip&#038;fm=png&#038;h=550&#038;ixlib=php-3.3.1&#038;w=575&#038;wpsize=content_block_tablet_landscape\" media=\"(min-width: 900px)\"><source srcset=\"https:\/\/gsv-imgix.imgix.net\/wordpress-prod\/APP.png?fit=clip&#038;fm=png&#038;h=400&#038;ixlib=php-3.3.1&#038;w=900&#038;wpsize=wide_tablet_portrait\" media=\"(min-width: 600px)\"><source srcset=\"https:\/\/gsv-imgix.imgix.net\/wordpress-prod\/APP.png?fit=clip&#038;fm=png&#038;h=350&#038;ixlib=php-3.3.1&#038;w=600&#038;wpsize=wide_large_phone\" media=\"(min-width: 414px)\">\n                <img loading=\"lazy\" decoding=\"async\" src=\"https:\/\/gsv-imgix.imgix.net\/wordpress-prod\/APP.png?fit=clip&#038;fm=png&#038;h=250&#038;ixlib=php-3.3.1&#038;w=414&#038;wpsize=wide_phone\" alt=\"\" title=\"APP\" width=\"414\" height=\"250\" \/>\n            <\/picture>\n        <\/div>\n\n        <div class=\"content-block__content\" data-reveal=\"reveal\">\n            \n                            <h2 class=\"content-block__title\">Vores digitale v\u00e6rkt\u00f8jer er l\u00f8ftestang for den gr\u00f8nne omstilling<\/h2>\n            \n                            <div class=\"content-block__body\">\n                    <p>Vi har gjort det nemt for dig at v\u00e6lge materiel, der g\u00f8r en forskel. Kig efter vores Low emission og iMPAKT materiel, n\u00e5r du v\u00e6lger i GSV APPen eller p\u00e5 gsv.dk.<\/p>\n<p>Hvis du lejer materiel, der ikke er iMPAKT eller Low emission, s\u00e5 har du mulighed for at f\u00e5 data p\u00e5 hvor meget CO2 maskinerne har udledt mens du bruger det &#8211; g\u00e5 ind p\u00e5 MitGSV og download CO2 regnskab.<\/p>\n\n                <\/div>\n            \n                    <\/div>\n    <\/div>\n<\/div>\n\n      <\/div>","protected":false},"excerpt":{"rendered":"","protected":false},"author":1368,"featured_media":0,"parent":0,"menu_order":0,"comment_status":"closed","ping_status":"closed","template":"","meta":{"_acf_changed":false,"footnotes":""},"class_list":["post-1944368","page","type-page","status-publish","hentry"],"acf":[],"yoast_head":"<!-- This site is optimized with the Yoast SEO plugin v25.9 - https:\/\/yoast.com\/wordpress\/plugins\/seo\/ -->\n<title>iMPAKT | GSV<\/title>\n<meta name=\"robots\" content=\"index, follow, max-snippet:-1, max-image-preview:large, max-video-preview:-1\" \/>\n<link rel=\"canonical\" href=\"https:\/\/www.gsv.dk\/en\/impakt\/\" \/>\n<meta property=\"og:locale\" content=\"en_GB\" \/>\n<meta property=\"og:type\" content=\"article\" \/>\n<meta property=\"og:title\" content=\"iMPAKT | GSV\" \/>\n<meta property=\"og:url\" content=\"https:\/\/www.gsv.dk\/en\/impakt\/\" \/>\n<meta property=\"og:site_name\" content=\"GSV\" \/>\n<meta property=\"article:publisher\" content=\"https:\/\/www.facebook.com\/gsvmaterieludlejning\/\" \/>\n<meta property=\"article:modified_time\" content=\"2025-10-29T13:51:53+00:00\" \/>\n<meta property=\"og:image\" content=\"https:\/\/www.gsv.dk\/content\/uploads\/2020\/01\/logo-300x134.png\" \/>\n\t<meta property=\"og:image:width\" content=\"300\" \/>\n\t<meta property=\"og:image:height\" content=\"134\" \/>\n\t<meta property=\"og:image:type\" content=\"image\/png\" \/>\n<meta name=\"twitter:card\" content=\"summary_large_image\" \/>\n<meta name=\"twitter:site\" content=\"@GsvMateriel\" \/>\n<script type=\"application\/ld+json\" class=\"yoast-schema-graph\">{\"@context\":\"https:\/\/schema.org\",\"@graph\":[{\"@type\":\"WebPage\",\"@id\":\"https:\/\/www.gsv.dk\/impakt\/\",\"url\":\"https:\/\/www.gsv.dk\/impakt\/\",\"name\":\"iMPAKT | GSV\",\"isPartOf\":{\"@id\":\"https:\/\/www.gsv.dk\/#website\"},\"datePublished\":\"2024-04-03T06:45:22+00:00\",\"dateModified\":\"2025-10-29T13:51:53+00:00\",\"breadcrumb\":{\"@id\":\"https:\/\/www.gsv.dk\/impakt\/#breadcrumb\"},\"inLanguage\":\"en-GB\",\"potentialAction\":[{\"@type\":\"ReadAction\",\"target\":[\"https:\/\/www.gsv.dk\/impakt\/\"]}]},{\"@type\":\"BreadcrumbList\",\"@id\":\"https:\/\/www.gsv.dk\/impakt\/#breadcrumb\",\"itemListElement\":[{\"@type\":\"ListItem\",\"position\":1,\"name\":\"Home\",\"item\":\"https:\/\/www.gsv.dk\/\"},{\"@type\":\"ListItem\",\"position\":2,\"name\":\"iMPAKT\"}]},{\"@type\":\"WebSite\",\"@id\":\"https:\/\/www.gsv.dk\/#website\",\"url\":\"https:\/\/www.gsv.dk\/\",\"name\":\"GSV\",\"description\":\"GSV materieludlejning\",\"publisher\":{\"@id\":\"https:\/\/www.gsv.dk\/#organization\"},\"potentialAction\":[{\"@type\":\"SearchAction\",\"target\":{\"@type\":\"EntryPoint\",\"urlTemplate\":\"https:\/\/www.gsv.dk\/?s={search_term_string}\"},\"query-input\":{\"@type\":\"PropertyValueSpecification\",\"valueRequired\":true,\"valueName\":\"search_term_string\"}}],\"inLanguage\":\"en-GB\"},{\"@type\":\"Organization\",\"@id\":\"https:\/\/www.gsv.dk\/#organization\",\"name\":\"GSV Materieludlejning\",\"url\":\"https:\/\/www.gsv.dk\/\",\"logo\":{\"@type\":\"ImageObject\",\"inLanguage\":\"en-GB\",\"@id\":\"https:\/\/www.gsv.dk\/#\/schema\/logo\/image\/\",\"url\":\"https:\/\/www.gsv.dk\/content\/uploads\/2020\/01\/logo-300x134.png\",\"contentUrl\":\"https:\/\/www.gsv.dk\/content\/uploads\/2020\/01\/logo-300x134.png\",\"width\":300,\"height\":134,\"caption\":\"GSV Materieludlejning\"},\"image\":{\"@id\":\"https:\/\/www.gsv.dk\/#\/schema\/logo\/image\/\"},\"sameAs\":[\"https:\/\/www.facebook.com\/gsvmaterieludlejning\/\",\"https:\/\/x.com\/GsvMateriel\",\"https:\/\/www.instagram.com\/gsv_materieludlejning\/\",\"https:\/\/www.linkedin.com\/company\/gsv-materieludlejning-a-s\",\"https:\/\/www.youtube.com\/channel\/UCDWOSIoGkwn6bPG7-Kgxqkw\"]}]}<\/script>\n<!-- \/ Yoast SEO plugin. -->","yoast_head_json":{"title":"iMPAKT | GSV","robots":{"index":"index","follow":"follow","max-snippet":"max-snippet:-1","max-image-preview":"max-image-preview:large","max-video-preview":"max-video-preview:-1"},"canonical":"https:\/\/www.gsv.dk\/en\/impakt\/","og_locale":"en_GB","og_type":"article","og_title":"iMPAKT | GSV","og_url":"https:\/\/www.gsv.dk\/en\/impakt\/","og_site_name":"GSV","article_publisher":"https:\/\/www.facebook.com\/gsvmaterieludlejning\/","article_modified_time":"2025-10-29T13:51:53+00:00","og_image":[{"width":300,"height":134,"url":"https:\/\/www.gsv.dk\/content\/uploads\/2020\/01\/logo-300x134.png","type":"image\/png"}],"twitter_card":"summary_large_image","twitter_site":"@GsvMateriel","schema":{"@context":"https:\/\/schema.org","@graph":[{"@type":"WebPage","@id":"https:\/\/www.gsv.dk\/impakt\/","url":"https:\/\/www.gsv.dk\/impakt\/","name":"iMPAKT | GSV","isPartOf":{"@id":"https:\/\/www.gsv.dk\/#website"},"datePublished":"2024-04-03T06:45:22+00:00","dateModified":"2025-10-29T13:51:53+00:00","breadcrumb":{"@id":"https:\/\/www.gsv.dk\/impakt\/#breadcrumb"},"inLanguage":"en-GB","potentialAction":[{"@type":"ReadAction","target":["https:\/\/www.gsv.dk\/impakt\/"]}]},{"@type":"BreadcrumbList","@id":"https:\/\/www.gsv.dk\/impakt\/#breadcrumb","itemListElement":[{"@type":"ListItem","position":1,"name":"Home","item":"https:\/\/www.gsv.dk\/"},{"@type":"ListItem","position":2,"name":"iMPAKT"}]},{"@type":"WebSite","@id":"https:\/\/www.gsv.dk\/#website","url":"https:\/\/www.gsv.dk\/","name":"GSV","description":"GSV materieludlejning","publisher":{"@id":"https:\/\/www.gsv.dk\/#organization"},"potentialAction":[{"@type":"SearchAction","target":{"@type":"EntryPoint","urlTemplate":"https:\/\/www.gsv.dk\/?s={search_term_string}"},"query-input":{"@type":"PropertyValueSpecification","valueRequired":true,"valueName":"search_term_string"}}],"inLanguage":"en-GB"},{"@type":"Organization","@id":"https:\/\/www.gsv.dk\/#organization","name":"GSV Materieludlejning","url":"https:\/\/www.gsv.dk\/","logo":{"@type":"ImageObject","inLanguage":"en-GB","@id":"https:\/\/www.gsv.dk\/#\/schema\/logo\/image\/","url":"https:\/\/www.gsv.dk\/content\/uploads\/2020\/01\/logo-300x134.png","contentUrl":"https:\/\/www.gsv.dk\/content\/uploads\/2020\/01\/logo-300x134.png","width":300,"height":134,"caption":"GSV Materieludlejning"},"image":{"@id":"https:\/\/www.gsv.dk\/#\/schema\/logo\/image\/"},"sameAs":["https:\/\/www.facebook.com\/gsvmaterieludlejning\/","https:\/\/x.com\/GsvMateriel","https:\/\/www.instagram.com\/gsv_materieludlejning\/","https:\/\/www.linkedin.com\/company\/gsv-materieludlejning-a-s","https:\/\/www.youtube.com\/channel\/UCDWOSIoGkwn6bPG7-Kgxqkw"]}]}},"_links":{"self":[{"href":"https:\/\/www.gsv.dk\/en\/wp-json\/wp\/v2\/pages\/1944368","targetHints":{"allow":["GET"]}}],"collection":[{"href":"https:\/\/www.gsv.dk\/en\/wp-json\/wp\/v2\/pages"}],"about":[{"href":"https:\/\/www.gsv.dk\/en\/wp-json\/wp\/v2\/types\/page"}],"author":[{"embeddable":true,"href":"https:\/\/www.gsv.dk\/en\/wp-json\/wp\/v2\/users\/1368"}],"replies":[{"embeddable":true,"href":"https:\/\/www.gsv.dk\/en\/wp-json\/wp\/v2\/comments?post=1944368"}],"version-history":[{"count":130,"href":"https:\/\/www.gsv.dk\/en\/wp-json\/wp\/v2\/pages\/1944368\/revisions"}],"predecessor-version":[{"id":3269087,"href":"https:\/\/www.gsv.dk\/en\/wp-json\/wp\/v2\/pages\/1944368\/revisions\/3269087"}],"wp:attachment":[{"href":"https:\/\/www.gsv.dk\/en\/wp-json\/wp\/v2\/media?parent=1944368"}],"curies":[{"name":"wp","href":"https:\/\/api.w.org\/{rel}","templated":true}]}}